{"version":"1.0","provider_name":"Institut Lib\u00e9ral","provider_url":"https:\/\/www.libinst.ch\/fr\/","author_name":"Nicolas Jutzet","author_url":"https:\/\/www.libinst.ch\/fr\/author\/nicolas-jutzet\/","title":"Javier Milei, le pr\u00e9sident anarchiste - Institut Lib\u00e9ral","type":"rich","width":600,"height":338,"html":"<blockquote class=\"wp-embedded-content\" data-secret=\"WFhLWW8K9o\"><a href=\"https:\/\/www.libinst.ch\/fr\/actualites\/javier-milei-le-president-anarchiste\/\">Javier Milei, le pr\u00e9sident anarchiste<\/a><\/blockquote><iframe sandbox=\"allow-scripts\" security=\"restricted\" src=\"https:\/\/www.libinst.ch\/fr\/actualites\/javier-milei-le-president-anarchiste\/embed\/#?secret=WFhLWW8K9o\" width=\"600\" height=\"338\" title=\"\u00ab\u00a0Javier Milei, le pr\u00e9sident anarchiste\u00a0\u00bb &#8212; Institut Lib\u00e9ral\" data-secret=\"WFhLWW8K9o\" frameborder=\"0\" marginwidth=\"0\" marginheight=\"0\" scrolling=\"no\" class=\"wp-embedded-content\"><\/iframe><script>\n\/*! This file is auto-generated *\/\n!function(d,l){\"use strict\";l.querySelector&&d.addEventListener&&\"undefined\"!=typeof URL&&(d.wp=d.wp||{},d.wp.receiveEmbedMessage||(d.wp.receiveEmbedMessage=function(e){var t=e.data;if((t||t.secret||t.message||t.value)&&!\/[^a-zA-Z0-9]\/.test(t.secret)){for(var s,r,n,a=l.querySelectorAll('iframe[data-secret=\"'+t.secret+'\"]'),o=l.querySelectorAll('blockquote[data-secret=\"'+t.secret+'\"]'),c=new RegExp(\"^https?:$\",\"i\"),i=0;i<o.length;i++)o[i].style.display=\"none\";for(i=0;i<a.length;i++)s=a[i],e.source===s.contentWindow&&(s.removeAttribute(\"style\"),\"height\"===t.message?(1e3<(r=parseInt(t.value,10))?r=1e3:~~r<200&&(r=200),s.height=r):\"link\"===t.message&&(r=new URL(s.getAttribute(\"src\")),n=new URL(t.value),c.test(n.protocol))&&n.host===r.host&&l.activeElement===s&&(d.top.location.href=t.value))}},d.addEventListener(\"message\",d.wp.receiveEmbedMessage,!1),l.addEventListener(\"DOMContentLoaded\",function(){for(var e,t,s=l.querySelectorAll(\"iframe.wp-embedded-content\"),r=0;r<s.length;r++)(t=(e=s[r]).getAttribute(\"data-secret\"))||(t=Math.random().toString(36).substring(2,12),e.src+=\"#?secret=\"+t,e.setAttribute(\"data-secret\",t)),e.contentWindow.postMessage({message:\"ready\",secret:t},\"*\")},!1)))}(window,document);\n\/\/# sourceURL=https:\/\/www.libinst.ch\/wp-includes\/js\/wp-embed.min.js\n<\/script>\n","thumbnail_url":"https:\/\/www.libinst.ch\/wp-content\/uploads\/2024\/01\/Inauguration_of_Javier_Milei_59427.jpeg","thumbnail_width":1799,"thumbnail_height":1200,"description":"Les r\u00e9formes lib\u00e9rales propos\u00e9es par le gouvernement Milei sont importantes. De par la profondeur du changement philosophique qu\u2019elles vont engendrer dans le pays, elles sont sans doute comparables aux mesures de transition travers\u00e9es par les anciens pays du bloc de l\u2019Est dans les ann\u00e9es 90."}