{"version":"1.0","provider_name":"Institut Lib\u00e9ral","provider_url":"https:\/\/www.libinst.ch\/fr\/","author_name":"Nicolas Jutzet","author_url":"https:\/\/www.libinst.ch\/fr\/author\/nicolas-jutzet\/","title":"Journ\u00e9e lib\u00e9rale romande 2025 - Histoire et actualit\u00e9 de la libert\u00e9 d'expression - Institut Lib\u00e9ral","type":"rich","width":600,"height":338,"html":"<blockquote class=\"wp-embedded-content\" data-secret=\"BCnyTlMWvO\"><a href=\"https:\/\/www.libinst.ch\/fr\/evenements\/journee-liberale-romande\/\">Journ\u00e9e lib\u00e9rale romande 2025 &#8211; Histoire et actualit\u00e9 de la libert\u00e9 d&rsquo;expression<\/a><\/blockquote><iframe sandbox=\"allow-scripts\" security=\"restricted\" src=\"https:\/\/www.libinst.ch\/fr\/evenements\/journee-liberale-romande\/embed\/#?secret=BCnyTlMWvO\" width=\"600\" height=\"338\" title=\"\u00ab\u00a0Journ\u00e9e lib\u00e9rale romande 2025 &#8211; Histoire et actualit\u00e9 de la libert\u00e9 d&rsquo;expression\u00a0\u00bb &#8212; Institut Lib\u00e9ral\" data-secret=\"BCnyTlMWvO\" frameborder=\"0\" marginwidth=\"0\" marginheight=\"0\" scrolling=\"no\" class=\"wp-embedded-content\"><\/iframe><script>\n\/*! This file is auto-generated *\/\n!function(d,l){\"use strict\";l.querySelector&&d.addEventListener&&\"undefined\"!=typeof URL&&(d.wp=d.wp||{},d.wp.receiveEmbedMessage||(d.wp.receiveEmbedMessage=function(e){var t=e.data;if((t||t.secret||t.message||t.value)&&!\/[^a-zA-Z0-9]\/.test(t.secret)){for(var s,r,n,a=l.querySelectorAll('iframe[data-secret=\"'+t.secret+'\"]'),o=l.querySelectorAll('blockquote[data-secret=\"'+t.secret+'\"]'),c=new RegExp(\"^https?:$\",\"i\"),i=0;i<o.length;i++)o[i].style.display=\"none\";for(i=0;i<a.length;i++)s=a[i],e.source===s.contentWindow&&(s.removeAttribute(\"style\"),\"height\"===t.message?(1e3<(r=parseInt(t.value,10))?r=1e3:~~r<200&&(r=200),s.height=r):\"link\"===t.message&&(r=new URL(s.getAttribute(\"src\")),n=new URL(t.value),c.test(n.protocol))&&n.host===r.host&&l.activeElement===s&&(d.top.location.href=t.value))}},d.addEventListener(\"message\",d.wp.receiveEmbedMessage,!1),l.addEventListener(\"DOMContentLoaded\",function(){for(var e,t,s=l.querySelectorAll(\"iframe.wp-embedded-content\"),r=0;r<s.length;r++)(t=(e=s[r]).getAttribute(\"data-secret\"))||(t=Math.random().toString(36).substring(2,12),e.src+=\"#?secret=\"+t,e.setAttribute(\"data-secret\",t)),e.contentWindow.postMessage({message:\"ready\",secret:t},\"*\")},!1)))}(window,document);\n\/\/# sourceURL=https:\/\/www.libinst.ch\/wp-includes\/js\/wp-embed.min.js\n<\/script>\n","thumbnail_url":"https:\/\/www.libinst.ch\/wp-content\/uploads\/2023\/05\/lausanne-city.jpg","thumbnail_width":1920,"thumbnail_height":1282,"description":"La libert\u00e9 d\u2019expression est au centre de nombreuses discussions du moment. Apr\u00e8s des ann\u00e9es de mod\u00e9ration de certains propos, les r\u00e9seaux sociaux font marche arri\u00e8re et redonnent davantage de place \u00e0 la libert\u00e9 d\u2019expression. En Suisse, il est r\u00e9guli\u00e8rement question de restreindre le p\u00e9rim\u00e8tre des propos autoris\u00e9s (normale p\u00e9nale antiraciste, publicit\u00e9s \u00absexistes\u00bb, interdiction de certains [&hellip;]"}