{"version":"1.0","provider_name":"Institut Lib\u00e9ral","provider_url":"https:\/\/www.libinst.ch\/fr\/","author_name":"detailag","author_url":"https:\/\/www.libinst.ch\/fr\/author\/detailag\/","title":"L'importance sous-estim\u00e9e de la propri\u00e9t\u00e9 - Institut Lib\u00e9ral","type":"rich","width":600,"height":338,"html":"<blockquote class=\"wp-embedded-content\" data-secret=\"bNXi6RcciH\"><a href=\"https:\/\/www.libinst.ch\/fr\/publications\/importance-de-la-propriete\/\">L&rsquo;importance sous-estim\u00e9e de la propri\u00e9t\u00e9<\/a><\/blockquote><iframe sandbox=\"allow-scripts\" security=\"restricted\" src=\"https:\/\/www.libinst.ch\/fr\/publications\/importance-de-la-propriete\/embed\/#?secret=bNXi6RcciH\" width=\"600\" height=\"338\" title=\"\u00ab\u00a0L&rsquo;importance sous-estim\u00e9e de la propri\u00e9t\u00e9\u00a0\u00bb &#8212; Institut Lib\u00e9ral\" data-secret=\"bNXi6RcciH\" frameborder=\"0\" marginwidth=\"0\" marginheight=\"0\" scrolling=\"no\" class=\"wp-embedded-content\"><\/iframe><script>\n\/*! This file is auto-generated *\/\n!function(d,l){\"use strict\";l.querySelector&&d.addEventListener&&\"undefined\"!=typeof URL&&(d.wp=d.wp||{},d.wp.receiveEmbedMessage||(d.wp.receiveEmbedMessage=function(e){var t=e.data;if((t||t.secret||t.message||t.value)&&!\/[^a-zA-Z0-9]\/.test(t.secret)){for(var s,r,n,a=l.querySelectorAll('iframe[data-secret=\"'+t.secret+'\"]'),o=l.querySelectorAll('blockquote[data-secret=\"'+t.secret+'\"]'),c=new RegExp(\"^https?:$\",\"i\"),i=0;i<o.length;i++)o[i].style.display=\"none\";for(i=0;i<a.length;i++)s=a[i],e.source===s.contentWindow&&(s.removeAttribute(\"style\"),\"height\"===t.message?(1e3<(r=parseInt(t.value,10))?r=1e3:~~r<200&&(r=200),s.height=r):\"link\"===t.message&&(r=new URL(s.getAttribute(\"src\")),n=new URL(t.value),c.test(n.protocol))&&n.host===r.host&&l.activeElement===s&&(d.top.location.href=t.value))}},d.addEventListener(\"message\",d.wp.receiveEmbedMessage,!1),l.addEventListener(\"DOMContentLoaded\",function(){for(var e,t,s=l.querySelectorAll(\"iframe.wp-embedded-content\"),r=0;r<s.length;r++)(t=(e=s[r]).getAttribute(\"data-secret\"))||(t=Math.random().toString(36).substring(2,12),e.src+=\"#?secret=\"+t,e.setAttribute(\"data-secret\",t)),e.contentWindow.postMessage({message:\"ready\",secret:t},\"*\")},!1)))}(window,document);\n\/\/# sourceURL=https:\/\/www.libinst.ch\/wp-includes\/js\/wp-embed.min.js\n<\/script>\n","thumbnail_url":"https:\/\/www.libinst.ch\/wp-content\/uploads\/2023\/05\/propriete-droit-privee-article.jpg","thumbnail_width":1920,"thumbnail_height":1280,"description":"Parmi les grands principes et les implications pratiques du lib\u00e9ralisme dans l&rsquo;interpr\u00e9tation des d\u00e9fis contemporains et de la place de l&rsquo;\u00c9tat dans nos soci\u00e9t\u00e9s, la propri\u00e9t\u00e9 est sans doute le plus important, alors que sa signification est souvent et injustement rel\u00e9gu\u00e9e \u00e0 la propri\u00e9t\u00e9 immobili\u00e8re ou \u00e0 la propri\u00e9t\u00e9 priv\u00e9e des moyens de production. Or, [&hellip;]"}