{"version":"1.0","provider_name":"Institut Lib\u00e9ral","provider_url":"https:\/\/www.libinst.ch\/fr\/","author_name":"detailag","author_url":"https:\/\/www.libinst.ch\/fr\/author\/detailag\/","title":"La mondialisation, bouc \u00e9missaire improbable des pand\u00e9mies - Institut Lib\u00e9ral","type":"rich","width":600,"height":338,"html":"<blockquote class=\"wp-embedded-content\" data-secret=\"wZi6DpoEVs\"><a href=\"https:\/\/www.libinst.ch\/fr\/publications\/mondialisation-pandemies\/\">La mondialisation, bouc \u00e9missaire improbable des pand\u00e9mies<\/a><\/blockquote><iframe sandbox=\"allow-scripts\" security=\"restricted\" src=\"https:\/\/www.libinst.ch\/fr\/publications\/mondialisation-pandemies\/embed\/#?secret=wZi6DpoEVs\" width=\"600\" height=\"338\" title=\"\u00ab\u00a0La mondialisation, bouc \u00e9missaire improbable des pand\u00e9mies\u00a0\u00bb &#8212; Institut Lib\u00e9ral\" data-secret=\"wZi6DpoEVs\" frameborder=\"0\" marginwidth=\"0\" marginheight=\"0\" scrolling=\"no\" class=\"wp-embedded-content\"><\/iframe><script>\n\/*! This file is auto-generated *\/\n!function(d,l){\"use strict\";l.querySelector&&d.addEventListener&&\"undefined\"!=typeof URL&&(d.wp=d.wp||{},d.wp.receiveEmbedMessage||(d.wp.receiveEmbedMessage=function(e){var t=e.data;if((t||t.secret||t.message||t.value)&&!\/[^a-zA-Z0-9]\/.test(t.secret)){for(var s,r,n,a=l.querySelectorAll('iframe[data-secret=\"'+t.secret+'\"]'),o=l.querySelectorAll('blockquote[data-secret=\"'+t.secret+'\"]'),c=new RegExp(\"^https?:$\",\"i\"),i=0;i<o.length;i++)o[i].style.display=\"none\";for(i=0;i<a.length;i++)s=a[i],e.source===s.contentWindow&&(s.removeAttribute(\"style\"),\"height\"===t.message?(1e3<(r=parseInt(t.value,10))?r=1e3:~~r<200&&(r=200),s.height=r):\"link\"===t.message&&(r=new URL(s.getAttribute(\"src\")),n=new URL(t.value),c.test(n.protocol))&&n.host===r.host&&l.activeElement===s&&(d.top.location.href=t.value))}},d.addEventListener(\"message\",d.wp.receiveEmbedMessage,!1),l.addEventListener(\"DOMContentLoaded\",function(){for(var e,t,s=l.querySelectorAll(\"iframe.wp-embedded-content\"),r=0;r<s.length;r++)(t=(e=s[r]).getAttribute(\"data-secret\"))||(t=Math.random().toString(36).substring(2,12),e.src+=\"#?secret=\"+t,e.setAttribute(\"data-secret\",t)),e.contentWindow.postMessage({message:\"ready\",secret:t},\"*\")},!1)))}(window,document);\n\/\/# sourceURL=https:\/\/www.libinst.ch\/wp-includes\/js\/wp-embed.min.js\n<\/script>\n","thumbnail_url":"https:\/\/www.libinst.ch\/wp-content\/uploads\/2023\/05\/pandemie-suisse-economie-article.jpg","thumbnail_width":1920,"thumbnail_height":1282,"description":"L&lsquo;\u00e9pid\u00e9mie du coronavirus a raviv\u00e9 les pr\u00e9occupations quant aux r\u00e9actions \u00e0 l&rsquo;encontre du commerce mondial et des fronti\u00e8res ouvertes. Les nationalistes, les protectionnistes et les extr\u00e9mistes de tout bord ont d\u00e9j\u00e0 fait entendre leurs voix sur les le\u00e7ons pr\u00e9sum\u00e9es \u00e0 en tirer. Bien s\u00fbr, ces mouvements auraient saisi n&rsquo;importe quelle occasion pour critiquer la mondialisation. [&hellip;]"}