{"id":12056,"date":"2009-12-22T00:00:00","date_gmt":"2009-12-21T23:00:00","guid":{"rendered":"https:\/\/libinst.detail-digital.ch\/denkanstoesse\/charge-fiscale-et-droits-individuels-dans-l-ocde\/"},"modified":"2009-12-22T00:00:00","modified_gmt":"2009-12-21T23:00:00","slug":"charge-fiscale-et-droits-individuels-dans-l-ocde","status":"publish","type":"denkanstoesse","link":"https:\/\/www.libinst.ch\/fr\/publications\/charge-fiscale-et-droits-individuels-dans-l-ocde\/","title":{"rendered":"Charge fiscale et droits individuels dans l&rsquo;OCDE"},"content":{"rendered":"<p>La crise \u00e9conomique mondiale a conduit \u00e0 une intensification des efforts de plusieurs \u00c9tats \u00e0 forte imposition et lourdement endett\u00e9s contre d&rsquo;autres pays, souvent qualifi\u00e9s de \u00ab\u00a0paradis fiscaux\u00a0\u00bb, \u00e0 savoir en r\u00e8gle g\u00e9n\u00e9rale des juridictions moins impos\u00e9es et respectant la sph\u00e8re priv\u00e9e financi\u00e8re. L&rsquo;Organisation de d\u00e9veloppement et de coop\u00e9ration \u00e9conomiques (OCDE), une agence officielle analysant les politiques publiques de 30 \u00c9tats, joue depuis plus de dix ans un r\u00f4le central dans la promotion d&rsquo;un \u00e9change d&rsquo;informations bancaires \u00e0 des fins fiscales. Lors du sommet du G20 d&rsquo;avril 2009, elle a \u00e0 nouveau \u00e9t\u00e9 le support \u00e0 l&rsquo;origine de listes de pays exon\u00e9rant les uns et accusant les autres, notamment ceux reconnaissant dans leur l\u00e9gislation le droit de leurs r\u00e9sidents \u00e0 la confidentialit\u00e9 de leurs informations bancaires.<\/p>\n<p>Le pr\u00e9sent rapport replace le d\u00e9bat de la lutte de l&rsquo;OCDE contre la \u00ab\u00a0concurrence fiscale dommageable\u00a0\u00bb et les \u00ab\u00a0paradis fiscaux\u00a0\u00bb dans la perspective de la soci\u00e9t\u00e9 civile et montre que les seuls b\u00e9n\u00e9ficiaires de ces efforts sont les \u00c9tats non r\u00e9form\u00e9s \u00e0 forte imposition, au d\u00e9triment de leurs r\u00e9sidents et de leur prosp\u00e9rit\u00e9. Le rapport quantifie pour la premi\u00e8re fois, \u00e0 l&rsquo;aide d&rsquo;un indice d&rsquo;oppression fiscale, le poids de la charge fiscale, la l\u00e9gitimit\u00e9 du syst\u00e8me fiscal et la protection de la sph\u00e8re priv\u00e9e financi\u00e8re dans ces \u00c9tats.<\/p>\n<p class=\"left\"><em>Avec un avant-propos du Professeur Pascal Salin<\/em><\/p>\n<p class=\"center\"><strong>Lire le rapport: <a href=\"publications\/LI-Bessard-Indice-fisc.pdf\">Charge fiscale et droits individuels dans l&rsquo;OCDE<\/a><br \/>(21 pages, PDF)<\/strong><\/p>\n<p class=\"center\"><strong>English version: <a href=\"publications\/LI-Bessard-Tax-Index.pdf\">Tax burden and individual rights in the OECD<\/a><br \/>(21 pages, PDF)<\/strong><\/p>\n<p class=\"center\"><strong>Deutsche Fassung (Liberales Institut): <a href=\"publikationen\/LI-Bessard-Index-Steuerdruck.pdf\">Steuerbelastung und individuelle Rechte in der OECD<\/a><br \/>(21 Seiten, PDF)<\/strong><\/p>\n","protected":false},"featured_media":9529,"template":"","tag":[180,1332,177],"class_list":["post-12056","denkanstoesse","type-denkanstoesse","status-publish","has-post-thumbnail","hentry","tags-fiscalite","tags-imposition","tags-organisations-internationales"],"acf":[],"yoast_head":"<!-- This site is optimized with the Yoast SEO plugin v27.3 - https:\/\/yoast.com\/product\/yoast-seo-wordpress\/ -->\n<title>Charge fiscale et droits individuels dans l&#039;OCDE - Institut Lib\u00e9ral<\/title>\n<meta name=\"robots\" content=\"index, follow, max-snippet:-1, max-image-preview:large, max-video-preview:-1\" \/>\n<link rel=\"canonical\" href=\"https:\/\/www.libinst.ch\/fr\/publications\/charge-fiscale-et-droits-individuels-dans-l-ocde\/\" \/>\n<meta property=\"og:locale\" content=\"fr_FR\" \/>\n<meta property=\"og:type\" content=\"article\" \/>\n<meta property=\"og:title\" content=\"Charge fiscale et droits individuels dans l&#039;OCDE - Institut Lib\u00e9ral\" \/>\n<meta property=\"og:description\" content=\"La crise \u00e9conomique mondiale a conduit \u00e0 une intensification des efforts de plusieurs \u00c9tats \u00e0 forte imposition et lourdement endett\u00e9s contre d&rsquo;autres pays, souvent qualifi\u00e9s de \u00ab\u00a0paradis fiscaux\u00a0\u00bb, \u00e0 savoir en r\u00e8gle g\u00e9n\u00e9rale des juridictions moins impos\u00e9es et respectant la sph\u00e8re priv\u00e9e financi\u00e8re. L&rsquo;Organisation de d\u00e9veloppement et de coop\u00e9ration \u00e9conomiques (OCDE), une agence officielle analysant [&hellip;]\" \/>\n<meta property=\"og:url\" content=\"https:\/\/www.libinst.ch\/fr\/publications\/charge-fiscale-et-droits-individuels-dans-l-ocde\/\" \/>\n<meta property=\"og:site_name\" content=\"Institut Lib\u00e9ral\" \/>\n<meta property=\"og:image\" content=\"https:\/\/www.libinst.ch\/wp-content\/uploads\/2023\/05\/imposition-ocde-article.jpg\" \/>\n\t<meta property=\"og:image:width\" content=\"1920\" \/>\n\t<meta property=\"og:image:height\" content=\"1080\" \/>\n\t<meta property=\"og:image:type\" content=\"image\/jpeg\" \/>\n<meta name=\"twitter:card\" content=\"summary_large_image\" \/>\n<meta name=\"twitter:label1\" content=\"Dur\u00e9e de lecture estim\u00e9e\" \/>\n\t<meta name=\"twitter:data1\" content=\"1 minute\" \/>\n<script type=\"application\/ld+json\" class=\"yoast-schema-graph\">{\"@context\":\"https:\\\/\\\/schema.org\",\"@graph\":[{\"@type\":\"WebPage\",\"@id\":\"https:\\\/\\\/www.libinst.ch\\\/fr\\\/publications\\\/charge-fiscale-et-droits-individuels-dans-l-ocde\\\/\",\"url\":\"https:\\\/\\\/www.libinst.ch\\\/fr\\\/publications\\\/charge-fiscale-et-droits-individuels-dans-l-ocde\\\/\",\"name\":\"Charge fiscale et droits individuels dans l'OCDE - Institut Lib\u00e9ral\",\"isPartOf\":{\"@id\":\"\\\/#website\"},\"primaryImageOfPage\":{\"@id\":\"https:\\\/\\\/www.libinst.ch\\\/fr\\\/publications\\\/charge-fiscale-et-droits-individuels-dans-l-ocde\\\/#primaryimage\"},\"image\":{\"@id\":\"https:\\\/\\\/www.libinst.ch\\\/fr\\\/publications\\\/charge-fiscale-et-droits-individuels-dans-l-ocde\\\/#primaryimage\"},\"thumbnailUrl\":\"https:\\\/\\\/www.libinst.ch\\\/wp-content\\\/uploads\\\/2023\\\/05\\\/imposition-ocde-article.jpg\",\"datePublished\":\"2009-12-21T23:00:00+00:00\",\"breadcrumb\":{\"@id\":\"https:\\\/\\\/www.libinst.ch\\\/fr\\\/publications\\\/charge-fiscale-et-droits-individuels-dans-l-ocde\\\/#breadcrumb\"},\"inLanguage\":\"fr-FR\",\"potentialAction\":[{\"@type\":\"ReadAction\",\"target\":[\"https:\\\/\\\/www.libinst.ch\\\/fr\\\/publications\\\/charge-fiscale-et-droits-individuels-dans-l-ocde\\\/\"]}]},{\"@type\":\"ImageObject\",\"inLanguage\":\"fr-FR\",\"@id\":\"https:\\\/\\\/www.libinst.ch\\\/fr\\\/publications\\\/charge-fiscale-et-droits-individuels-dans-l-ocde\\\/#primaryimage\",\"url\":\"https:\\\/\\\/www.libinst.ch\\\/wp-content\\\/uploads\\\/2023\\\/05\\\/imposition-ocde-article.jpg\",\"contentUrl\":\"https:\\\/\\\/www.libinst.ch\\\/wp-content\\\/uploads\\\/2023\\\/05\\\/imposition-ocde-article.jpg\",\"width\":1920,\"height\":1080},{\"@type\":\"BreadcrumbList\",\"@id\":\"https:\\\/\\\/www.libinst.ch\\\/fr\\\/publications\\\/charge-fiscale-et-droits-individuels-dans-l-ocde\\\/#breadcrumb\",\"itemListElement\":[{\"@type\":\"ListItem\",\"position\":1,\"name\":\"Home\",\"item\":\"https:\\\/\\\/www.libinst.ch\\\/\"},{\"@type\":\"ListItem\",\"position\":2,\"name\":\"Charge fiscale et droits individuels dans l&#8217;OCDE\"}]},{\"@type\":\"WebSite\",\"@id\":\"\\\/#website\",\"url\":\"\\\/\",\"name\":\"Institut Lib\u00e9ral\",\"description\":\"\",\"publisher\":{\"@id\":\"\\\/#organization\"},\"potentialAction\":[{\"@type\":\"SearchAction\",\"target\":{\"@type\":\"EntryPoint\",\"urlTemplate\":\"\\\/?s={search_term_string}\"},\"query-input\":{\"@type\":\"PropertyValueSpecification\",\"valueRequired\":true,\"valueName\":\"search_term_string\"}}],\"inLanguage\":\"fr-FR\"},{\"@type\":\"Organization\",\"@id\":\"\\\/#organization\",\"name\":\"Institut Lib\u00e9ral\",\"url\":\"\\\/\",\"logo\":{\"@type\":\"ImageObject\",\"inLanguage\":\"fr-FR\",\"@id\":\"\\\/#\\\/schema\\\/logo\\\/image\\\/\",\"url\":\"https:\\\/\\\/www.libinst.ch\\\/wp-content\\\/uploads\\\/2023\\\/08\\\/logo-institut-liberal.png\",\"contentUrl\":\"https:\\\/\\\/www.libinst.ch\\\/wp-content\\\/uploads\\\/2023\\\/08\\\/logo-institut-liberal.png\",\"width\":2935,\"height\":458,\"caption\":\"Institut Lib\u00e9ral\"},\"image\":{\"@id\":\"\\\/#\\\/schema\\\/logo\\\/image\\\/\"}}]}<\/script>\n<!-- \/ Yoast SEO plugin. -->","yoast_head_json":{"title":"Charge fiscale et droits individuels dans l'OCDE - Institut Lib\u00e9ral","robots":{"index":"index","follow":"follow","max-snippet":"max-snippet:-1","max-image-preview":"max-image-preview:large","max-video-preview":"max-video-preview:-1"},"canonical":"https:\/\/www.libinst.ch\/fr\/publications\/charge-fiscale-et-droits-individuels-dans-l-ocde\/","og_locale":"fr_FR","og_type":"article","og_title":"Charge fiscale et droits individuels dans l'OCDE - Institut Lib\u00e9ral","og_description":"La crise \u00e9conomique mondiale a conduit \u00e0 une intensification des efforts de plusieurs \u00c9tats \u00e0 forte imposition et lourdement endett\u00e9s contre d&rsquo;autres pays, souvent qualifi\u00e9s de \u00ab\u00a0paradis fiscaux\u00a0\u00bb, \u00e0 savoir en r\u00e8gle g\u00e9n\u00e9rale des juridictions moins impos\u00e9es et respectant la sph\u00e8re priv\u00e9e financi\u00e8re. L&rsquo;Organisation de d\u00e9veloppement et de coop\u00e9ration \u00e9conomiques (OCDE), une agence officielle analysant [&hellip;]","og_url":"https:\/\/www.libinst.ch\/fr\/publications\/charge-fiscale-et-droits-individuels-dans-l-ocde\/","og_site_name":"Institut Lib\u00e9ral","og_image":[{"width":1920,"height":1080,"url":"https:\/\/www.libinst.ch\/wp-content\/uploads\/2023\/05\/imposition-ocde-article.jpg","type":"image\/jpeg"}],"twitter_card":"summary_large_image","twitter_misc":{"Dur\u00e9e de lecture estim\u00e9e":"1 minute"},"schema":{"@context":"https:\/\/schema.org","@graph":[{"@type":"WebPage","@id":"https:\/\/www.libinst.ch\/fr\/publications\/charge-fiscale-et-droits-individuels-dans-l-ocde\/","url":"https:\/\/www.libinst.ch\/fr\/publications\/charge-fiscale-et-droits-individuels-dans-l-ocde\/","name":"Charge fiscale et droits individuels dans l'OCDE - Institut Lib\u00e9ral","isPartOf":{"@id":"\/#website"},"primaryImageOfPage":{"@id":"https:\/\/www.libinst.ch\/fr\/publications\/charge-fiscale-et-droits-individuels-dans-l-ocde\/#primaryimage"},"image":{"@id":"https:\/\/www.libinst.ch\/fr\/publications\/charge-fiscale-et-droits-individuels-dans-l-ocde\/#primaryimage"},"thumbnailUrl":"https:\/\/www.libinst.ch\/wp-content\/uploads\/2023\/05\/imposition-ocde-article.jpg","datePublished":"2009-12-21T23:00:00+00:00","breadcrumb":{"@id":"https:\/\/www.libinst.ch\/fr\/publications\/charge-fiscale-et-droits-individuels-dans-l-ocde\/#breadcrumb"},"inLanguage":"fr-FR","potentialAction":[{"@type":"ReadAction","target":["https:\/\/www.libinst.ch\/fr\/publications\/charge-fiscale-et-droits-individuels-dans-l-ocde\/"]}]},{"@type":"ImageObject","inLanguage":"fr-FR","@id":"https:\/\/www.libinst.ch\/fr\/publications\/charge-fiscale-et-droits-individuels-dans-l-ocde\/#primaryimage","url":"https:\/\/www.libinst.ch\/wp-content\/uploads\/2023\/05\/imposition-ocde-article.jpg","contentUrl":"https:\/\/www.libinst.ch\/wp-content\/uploads\/2023\/05\/imposition-ocde-article.jpg","width":1920,"height":1080},{"@type":"BreadcrumbList","@id":"https:\/\/www.libinst.ch\/fr\/publications\/charge-fiscale-et-droits-individuels-dans-l-ocde\/#breadcrumb","itemListElement":[{"@type":"ListItem","position":1,"name":"Home","item":"https:\/\/www.libinst.ch\/"},{"@type":"ListItem","position":2,"name":"Charge fiscale et droits individuels dans l&#8217;OCDE"}]},{"@type":"WebSite","@id":"\/#website","url":"\/","name":"Institut Lib\u00e9ral","description":"","publisher":{"@id":"\/#organization"},"potentialAction":[{"@type":"SearchAction","target":{"@type":"EntryPoint","urlTemplate":"\/?s={search_term_string}"},"query-input":{"@type":"PropertyValueSpecification","valueRequired":true,"valueName":"search_term_string"}}],"inLanguage":"fr-FR"},{"@type":"Organization","@id":"\/#organization","name":"Institut Lib\u00e9ral","url":"\/","logo":{"@type":"ImageObject","inLanguage":"fr-FR","@id":"\/#\/schema\/logo\/image\/","url":"https:\/\/www.libinst.ch\/wp-content\/uploads\/2023\/08\/logo-institut-liberal.png","contentUrl":"https:\/\/www.libinst.ch\/wp-content\/uploads\/2023\/08\/logo-institut-liberal.png","width":2935,"height":458,"caption":"Institut Lib\u00e9ral"},"image":{"@id":"\/#\/schema\/logo\/image\/"}}]}},"_links":{"self":[{"href":"https:\/\/www.libinst.ch\/fr\/wp-json\/wp\/v2\/denkanstoesse\/12056","targetHints":{"allow":["GET"]}}],"collection":[{"href":"https:\/\/www.libinst.ch\/fr\/wp-json\/wp\/v2\/denkanstoesse"}],"about":[{"href":"https:\/\/www.libinst.ch\/fr\/wp-json\/wp\/v2\/types\/denkanstoesse"}],"wp:featuredmedia":[{"embeddable":true,"href":"https:\/\/www.libinst.ch\/fr\/wp-json\/wp\/v2\/media\/9529"}],"wp:attachment":[{"href":"https:\/\/www.libinst.ch\/fr\/wp-json\/wp\/v2\/media?parent=12056"}],"wp:term":[{"taxonomy":"tags","embeddable":true,"href":"https:\/\/www.libinst.ch\/fr\/wp-json\/wp\/v2\/tag?post=12056"}],"curies":[{"name":"wp","href":"https:\/\/api.w.org\/{rel}","templated":true}]}}