{"id":12109,"date":"2013-02-14T00:00:00","date_gmt":"2013-02-13T23:00:00","guid":{"rendered":"https:\/\/libinst.detail-digital.ch\/denkanstoesse\/droits-fiscalite\/"},"modified":"2013-02-14T00:00:00","modified_gmt":"2013-02-13T23:00:00","slug":"droits-fiscalite","status":"publish","type":"denkanstoesse","link":"https:\/\/www.libinst.ch\/fr\/publications\/droits-fiscalite\/","title":{"rendered":"Les droits individuels et le combat contre \u00abl&rsquo;\u00e9vasion fiscale\u00bb"},"content":{"rendered":"<p>Les gouvernements s&rsquo;attaquant \u00e0 l&rsquo;\u00ab\u00e9vasion\u00bb fiscale n&rsquo;ont selon toute vraisemblance aucun argument \u00e9conomique ou moral \u00e0 faire valoir \u00e0 l&rsquo;appui de leur croisade contre leurs citoyens. Tant la justice que la prosp\u00e9rit\u00e9 sont am\u00e9lior\u00e9es de fa\u00e7on significative par la concurrence fiscale et la confidentialit\u00e9 financi\u00e8re. Cependant, il serait \u00e9videmment d\u00e9raisonnable de s&rsquo;attendre \u00e0 ce que les gouvernements ne tentent pas de faire appliquer leurs propres l\u00e9gislations fiscales. Il convient d\u00e8s lors de s&rsquo;interroger sur les r\u00e9ponses possibles aux violations des droits individuels commises au nom de la lutte contre l&rsquo;\u00ab\u00e9vasion\u00bb fiscale, tout comme au probl\u00e8me de cette \u00ab\u00e9vasion\u00bb. Pour s&rsquo;inspirer des Lumi\u00e8res, Benjamin Constant avait remarqu\u00e9 que tant que les lois injustes ne forcent pas les individus \u00e0 commettre des actes inhumains, il valait mieux s&rsquo;y plier afin de maintenir la paix avec les agents de la force publique. Mais cela ne dispense pas de r\u00e9fl\u00e9chir aux issues possibles de la controverse actuelle.<\/p>\n<p>L&rsquo;Europe a une grande tradition civile et d\u00e9mocratique. S&rsquo;y r\u00e9f\u00e9rer est le seul moyen d&rsquo;\u00e9viter une d\u00e9rive continue vers toujours plus de contr\u00f4le centralis\u00e9 de l&rsquo;\u00c9tat sur la soci\u00e9t\u00e9 civile et l&rsquo;\u00e9conomie de march\u00e9. L&rsquo;\u00e9mergence d&rsquo;un cartel \u00e9tatique mondial sans restriction d&rsquo;imposer et de d\u00e9penser les ressources des citoyens m\u00e8nerait \u00e0 un monde moins libre et moins prosp\u00e8re. La Suisse, pour sa part, peut au moins s&rsquo;assurer de maintenir sa conception de la relation entre \u00c9tat et citoyen et de la sph\u00e8re priv\u00e9e financi\u00e8re \u00e0 l&rsquo;int\u00e9rieur de ses fronti\u00e8res, \u00e0 d\u00e9faut de pouvoir en faire reconna\u00eetre la validit\u00e9 au niveau international. Dans l&rsquo;int\u00e9r\u00eat de tous les Europ\u00e9ens, elle doit rester le mod\u00e8le de l&rsquo;id\u00e9al de la concurrence des syst\u00e8mes.<\/p>\n<p class=\"center\"><b>Lire l&rsquo;\u00e9tude:<br \/>\n<a href=\"http:\/\/www.libinst.ch\/publications\/IL-Bessard-Droits-Fiscalite.pdf\" rel=\"external\">Les droits individuels et le combat contre \u00abl&rsquo;\u00e9vasion fiscale\u00bb<\/a><br \/>\nAvant-propos du Professeur Pascal Salin<br \/>\n(34 pages, PDF)<\/b><\/p>\n","protected":false},"featured_media":9025,"template":"","tag":[185,180,1350],"class_list":["post-12109","denkanstoesse","type-denkanstoesse","status-publish","has-post-thumbnail","hentry","tags-droits-de-propriete","tags-fiscalite","tags-souverainete"],"acf":[],"yoast_head":"<!-- This site is optimized with the Yoast SEO plugin v27.3 - https:\/\/yoast.com\/product\/yoast-seo-wordpress\/ -->\n<title>Les droits individuels et le combat contre \u00abl&#039;\u00e9vasion fiscale\u00bb - Institut Lib\u00e9ral<\/title>\n<meta name=\"robots\" content=\"index, follow, max-snippet:-1, max-image-preview:large, max-video-preview:-1\" \/>\n<link rel=\"canonical\" href=\"https:\/\/www.libinst.ch\/fr\/publications\/droits-fiscalite\/\" \/>\n<meta property=\"og:locale\" content=\"fr_FR\" \/>\n<meta property=\"og:type\" content=\"article\" \/>\n<meta property=\"og:title\" content=\"Les droits individuels et le combat contre \u00abl&#039;\u00e9vasion fiscale\u00bb - Institut Lib\u00e9ral\" \/>\n<meta property=\"og:description\" content=\"Les gouvernements s&rsquo;attaquant \u00e0 l&rsquo;\u00ab\u00e9vasion\u00bb fiscale n&rsquo;ont selon toute vraisemblance aucun argument \u00e9conomique ou moral \u00e0 faire valoir \u00e0 l&rsquo;appui de leur croisade contre leurs citoyens. Tant la justice que la prosp\u00e9rit\u00e9 sont am\u00e9lior\u00e9es de fa\u00e7on significative par la concurrence fiscale et la confidentialit\u00e9 financi\u00e8re. Cependant, il serait \u00e9videmment d\u00e9raisonnable de s&rsquo;attendre \u00e0 ce que [&hellip;]\" \/>\n<meta property=\"og:url\" content=\"https:\/\/www.libinst.ch\/fr\/publications\/droits-fiscalite\/\" \/>\n<meta property=\"og:site_name\" content=\"Institut Lib\u00e9ral\" \/>\n<meta property=\"og:image\" content=\"https:\/\/www.libinst.ch\/wp-content\/uploads\/2023\/05\/evasion-fiscale-suisse-article.jpg\" \/>\n\t<meta property=\"og:image:width\" content=\"1920\" \/>\n\t<meta property=\"og:image:height\" content=\"1283\" \/>\n\t<meta property=\"og:image:type\" content=\"image\/jpeg\" \/>\n<meta name=\"twitter:card\" content=\"summary_large_image\" \/>\n<meta name=\"twitter:label1\" content=\"Dur\u00e9e de lecture estim\u00e9e\" \/>\n\t<meta name=\"twitter:data1\" content=\"2 minutes\" \/>\n<script type=\"application\/ld+json\" class=\"yoast-schema-graph\">{\"@context\":\"https:\\\/\\\/schema.org\",\"@graph\":[{\"@type\":\"WebPage\",\"@id\":\"https:\\\/\\\/www.libinst.ch\\\/fr\\\/publications\\\/droits-fiscalite\\\/\",\"url\":\"https:\\\/\\\/www.libinst.ch\\\/fr\\\/publications\\\/droits-fiscalite\\\/\",\"name\":\"Les droits individuels et le combat contre \u00abl'\u00e9vasion fiscale\u00bb - Institut Lib\u00e9ral\",\"isPartOf\":{\"@id\":\"\\\/#website\"},\"primaryImageOfPage\":{\"@id\":\"https:\\\/\\\/www.libinst.ch\\\/fr\\\/publications\\\/droits-fiscalite\\\/#primaryimage\"},\"image\":{\"@id\":\"https:\\\/\\\/www.libinst.ch\\\/fr\\\/publications\\\/droits-fiscalite\\\/#primaryimage\"},\"thumbnailUrl\":\"https:\\\/\\\/www.libinst.ch\\\/wp-content\\\/uploads\\\/2023\\\/05\\\/evasion-fiscale-suisse-article.jpg\",\"datePublished\":\"2013-02-13T23:00:00+00:00\",\"breadcrumb\":{\"@id\":\"https:\\\/\\\/www.libinst.ch\\\/fr\\\/publications\\\/droits-fiscalite\\\/#breadcrumb\"},\"inLanguage\":\"fr-FR\",\"potentialAction\":[{\"@type\":\"ReadAction\",\"target\":[\"https:\\\/\\\/www.libinst.ch\\\/fr\\\/publications\\\/droits-fiscalite\\\/\"]}]},{\"@type\":\"ImageObject\",\"inLanguage\":\"fr-FR\",\"@id\":\"https:\\\/\\\/www.libinst.ch\\\/fr\\\/publications\\\/droits-fiscalite\\\/#primaryimage\",\"url\":\"https:\\\/\\\/www.libinst.ch\\\/wp-content\\\/uploads\\\/2023\\\/05\\\/evasion-fiscale-suisse-article.jpg\",\"contentUrl\":\"https:\\\/\\\/www.libinst.ch\\\/wp-content\\\/uploads\\\/2023\\\/05\\\/evasion-fiscale-suisse-article.jpg\",\"width\":1920,\"height\":1283,\"caption\":\"Swiss flag waving at Federal Swiss Palace (Bundeshaus) at City of Bern, Capital of Switzerland, on a blue cloudy summer day. Photo taken June 16th, 2022, Bern, Switzerland.\"},{\"@type\":\"BreadcrumbList\",\"@id\":\"https:\\\/\\\/www.libinst.ch\\\/fr\\\/publications\\\/droits-fiscalite\\\/#breadcrumb\",\"itemListElement\":[{\"@type\":\"ListItem\",\"position\":1,\"name\":\"Home\",\"item\":\"https:\\\/\\\/www.libinst.ch\\\/\"},{\"@type\":\"ListItem\",\"position\":2,\"name\":\"Les droits individuels et le combat contre \u00abl&#8217;\u00e9vasion fiscale\u00bb\"}]},{\"@type\":\"WebSite\",\"@id\":\"\\\/#website\",\"url\":\"\\\/\",\"name\":\"Institut Lib\u00e9ral\",\"description\":\"\",\"publisher\":{\"@id\":\"\\\/#organization\"},\"potentialAction\":[{\"@type\":\"SearchAction\",\"target\":{\"@type\":\"EntryPoint\",\"urlTemplate\":\"\\\/?s={search_term_string}\"},\"query-input\":{\"@type\":\"PropertyValueSpecification\",\"valueRequired\":true,\"valueName\":\"search_term_string\"}}],\"inLanguage\":\"fr-FR\"},{\"@type\":\"Organization\",\"@id\":\"\\\/#organization\",\"name\":\"Institut Lib\u00e9ral\",\"url\":\"\\\/\",\"logo\":{\"@type\":\"ImageObject\",\"inLanguage\":\"fr-FR\",\"@id\":\"\\\/#\\\/schema\\\/logo\\\/image\\\/\",\"url\":\"https:\\\/\\\/www.libinst.ch\\\/wp-content\\\/uploads\\\/2023\\\/08\\\/logo-institut-liberal.png\",\"contentUrl\":\"https:\\\/\\\/www.libinst.ch\\\/wp-content\\\/uploads\\\/2023\\\/08\\\/logo-institut-liberal.png\",\"width\":2935,\"height\":458,\"caption\":\"Institut Lib\u00e9ral\"},\"image\":{\"@id\":\"\\\/#\\\/schema\\\/logo\\\/image\\\/\"}}]}<\/script>\n<!-- \/ Yoast SEO plugin. -->","yoast_head_json":{"title":"Les droits individuels et le combat contre \u00abl'\u00e9vasion fiscale\u00bb - Institut Lib\u00e9ral","robots":{"index":"index","follow":"follow","max-snippet":"max-snippet:-1","max-image-preview":"max-image-preview:large","max-video-preview":"max-video-preview:-1"},"canonical":"https:\/\/www.libinst.ch\/fr\/publications\/droits-fiscalite\/","og_locale":"fr_FR","og_type":"article","og_title":"Les droits individuels et le combat contre \u00abl'\u00e9vasion fiscale\u00bb - Institut Lib\u00e9ral","og_description":"Les gouvernements s&rsquo;attaquant \u00e0 l&rsquo;\u00ab\u00e9vasion\u00bb fiscale n&rsquo;ont selon toute vraisemblance aucun argument \u00e9conomique ou moral \u00e0 faire valoir \u00e0 l&rsquo;appui de leur croisade contre leurs citoyens. Tant la justice que la prosp\u00e9rit\u00e9 sont am\u00e9lior\u00e9es de fa\u00e7on significative par la concurrence fiscale et la confidentialit\u00e9 financi\u00e8re. Cependant, il serait \u00e9videmment d\u00e9raisonnable de s&rsquo;attendre \u00e0 ce que [&hellip;]","og_url":"https:\/\/www.libinst.ch\/fr\/publications\/droits-fiscalite\/","og_site_name":"Institut Lib\u00e9ral","og_image":[{"width":1920,"height":1283,"url":"https:\/\/www.libinst.ch\/wp-content\/uploads\/2023\/05\/evasion-fiscale-suisse-article.jpg","type":"image\/jpeg"}],"twitter_card":"summary_large_image","twitter_misc":{"Dur\u00e9e de lecture estim\u00e9e":"2 minutes"},"schema":{"@context":"https:\/\/schema.org","@graph":[{"@type":"WebPage","@id":"https:\/\/www.libinst.ch\/fr\/publications\/droits-fiscalite\/","url":"https:\/\/www.libinst.ch\/fr\/publications\/droits-fiscalite\/","name":"Les droits individuels et le combat contre \u00abl'\u00e9vasion fiscale\u00bb - Institut Lib\u00e9ral","isPartOf":{"@id":"\/#website"},"primaryImageOfPage":{"@id":"https:\/\/www.libinst.ch\/fr\/publications\/droits-fiscalite\/#primaryimage"},"image":{"@id":"https:\/\/www.libinst.ch\/fr\/publications\/droits-fiscalite\/#primaryimage"},"thumbnailUrl":"https:\/\/www.libinst.ch\/wp-content\/uploads\/2023\/05\/evasion-fiscale-suisse-article.jpg","datePublished":"2013-02-13T23:00:00+00:00","breadcrumb":{"@id":"https:\/\/www.libinst.ch\/fr\/publications\/droits-fiscalite\/#breadcrumb"},"inLanguage":"fr-FR","potentialAction":[{"@type":"ReadAction","target":["https:\/\/www.libinst.ch\/fr\/publications\/droits-fiscalite\/"]}]},{"@type":"ImageObject","inLanguage":"fr-FR","@id":"https:\/\/www.libinst.ch\/fr\/publications\/droits-fiscalite\/#primaryimage","url":"https:\/\/www.libinst.ch\/wp-content\/uploads\/2023\/05\/evasion-fiscale-suisse-article.jpg","contentUrl":"https:\/\/www.libinst.ch\/wp-content\/uploads\/2023\/05\/evasion-fiscale-suisse-article.jpg","width":1920,"height":1283,"caption":"Swiss flag waving at Federal Swiss Palace (Bundeshaus) at City of Bern, Capital of Switzerland, on a blue cloudy summer day. Photo taken June 16th, 2022, Bern, Switzerland."},{"@type":"BreadcrumbList","@id":"https:\/\/www.libinst.ch\/fr\/publications\/droits-fiscalite\/#breadcrumb","itemListElement":[{"@type":"ListItem","position":1,"name":"Home","item":"https:\/\/www.libinst.ch\/"},{"@type":"ListItem","position":2,"name":"Les droits individuels et le combat contre \u00abl&#8217;\u00e9vasion fiscale\u00bb"}]},{"@type":"WebSite","@id":"\/#website","url":"\/","name":"Institut Lib\u00e9ral","description":"","publisher":{"@id":"\/#organization"},"potentialAction":[{"@type":"SearchAction","target":{"@type":"EntryPoint","urlTemplate":"\/?s={search_term_string}"},"query-input":{"@type":"PropertyValueSpecification","valueRequired":true,"valueName":"search_term_string"}}],"inLanguage":"fr-FR"},{"@type":"Organization","@id":"\/#organization","name":"Institut Lib\u00e9ral","url":"\/","logo":{"@type":"ImageObject","inLanguage":"fr-FR","@id":"\/#\/schema\/logo\/image\/","url":"https:\/\/www.libinst.ch\/wp-content\/uploads\/2023\/08\/logo-institut-liberal.png","contentUrl":"https:\/\/www.libinst.ch\/wp-content\/uploads\/2023\/08\/logo-institut-liberal.png","width":2935,"height":458,"caption":"Institut Lib\u00e9ral"},"image":{"@id":"\/#\/schema\/logo\/image\/"}}]}},"_links":{"self":[{"href":"https:\/\/www.libinst.ch\/fr\/wp-json\/wp\/v2\/denkanstoesse\/12109","targetHints":{"allow":["GET"]}}],"collection":[{"href":"https:\/\/www.libinst.ch\/fr\/wp-json\/wp\/v2\/denkanstoesse"}],"about":[{"href":"https:\/\/www.libinst.ch\/fr\/wp-json\/wp\/v2\/types\/denkanstoesse"}],"wp:featuredmedia":[{"embeddable":true,"href":"https:\/\/www.libinst.ch\/fr\/wp-json\/wp\/v2\/media\/9025"}],"wp:attachment":[{"href":"https:\/\/www.libinst.ch\/fr\/wp-json\/wp\/v2\/media?parent=12109"}],"wp:term":[{"taxonomy":"tags","embeddable":true,"href":"https:\/\/www.libinst.ch\/fr\/wp-json\/wp\/v2\/tag?post=12109"}],"curies":[{"name":"wp","href":"https:\/\/api.w.org\/{rel}","templated":true}]}}