{"id":12207,"date":"2022-11-14T00:00:00","date_gmt":"2022-11-13T23:00:00","guid":{"rendered":"https:\/\/libinst.detail-digital.ch\/denkanstoesse\/tolerer-l-intolerance\/"},"modified":"2022-11-14T00:00:00","modified_gmt":"2022-11-13T23:00:00","slug":"tolerer-l-intolerance","status":"publish","type":"denkanstoesse","link":"https:\/\/www.libinst.ch\/fr\/publications\/tolerer-l-intolerance\/","title":{"rendered":"Faut-il tol\u00e9rer l&rsquo;intol\u00e9rance\u00a0?"},"content":{"rendered":"<p>Ce livre s&rsquo;int\u00e9resse au concept de tol\u00e9rance. En partant de son apparition pour mieux comprendre son \u00e9volution, et les enjeux contemporains. Sur cette base, des r\u00e9ponses aux d\u00e9fis actuels sont pr\u00e9sent\u00e9es. Dans le but de trouver un chemin pour continuer de concilier tol\u00e9rance et libert\u00e9\u00a0!<\/p>\n","protected":false},"featured_media":10861,"template":"","tag":[595,186,592,187],"class_list":["post-12207","denkanstoesse","type-denkanstoesse","status-publish","has-post-thumbnail","hentry","tags-difference","tags-diversite-politique","tags-liberte","tags-penseurs-et-classiques-liberaux"],"acf":[],"yoast_head":"<!-- This site is optimized with the Yoast SEO plugin v27.3 - https:\/\/yoast.com\/product\/yoast-seo-wordpress\/ -->\n<title>Faut-il tol\u00e9rer l&#039;intol\u00e9rance\u00a0? - Institut Lib\u00e9ral<\/title>\n<meta name=\"robots\" content=\"index, follow, max-snippet:-1, max-image-preview:large, max-video-preview:-1\" \/>\n<link rel=\"canonical\" href=\"https:\/\/www.libinst.ch\/fr\/pistes-de-reflexion\/tolerer-l-intolerance\/\" \/>\n<meta property=\"og:locale\" content=\"fr_FR\" \/>\n<meta property=\"og:type\" content=\"article\" \/>\n<meta property=\"og:title\" content=\"Faut-il tol\u00e9rer l&#039;intol\u00e9rance\u00a0? - Institut Lib\u00e9ral\" \/>\n<meta property=\"og:description\" content=\"Ce livre s&rsquo;int\u00e9resse au concept de tol\u00e9rance. En partant de son apparition pour mieux comprendre son \u00e9volution, et les enjeux contemporains. Sur cette base, des r\u00e9ponses aux d\u00e9fis actuels sont pr\u00e9sent\u00e9es. Dans le but de trouver un chemin pour continuer de concilier tol\u00e9rance et libert\u00e9\u00a0!\" \/>\n<meta property=\"og:url\" content=\"https:\/\/www.libinst.ch\/fr\/pistes-de-reflexion\/tolerer-l-intolerance\/\" \/>\n<meta property=\"og:site_name\" content=\"Institut Lib\u00e9ral\" \/>\n<meta property=\"og:image\" content=\"https:\/\/www.libinst.ch\/wp-content\/uploads\/2023\/05\/tolerance-tolerer-article.jpg\" \/>\n\t<meta property=\"og:image:width\" content=\"1920\" \/>\n\t<meta property=\"og:image:height\" content=\"1057\" \/>\n\t<meta property=\"og:image:type\" content=\"image\/jpeg\" \/>\n<meta name=\"twitter:card\" content=\"summary_large_image\" \/>\n<meta name=\"twitter:label1\" content=\"Dur\u00e9e de lecture estim\u00e9e\" \/>\n\t<meta name=\"twitter:data1\" content=\"1 minute\" \/>\n<script type=\"application\/ld+json\" class=\"yoast-schema-graph\">{\"@context\":\"https:\\\/\\\/schema.org\",\"@graph\":[{\"@type\":\"WebPage\",\"@id\":\"https:\\\/\\\/www.libinst.ch\\\/fr\\\/pistes-de-reflexion\\\/tolerer-l-intolerance\\\/\",\"url\":\"https:\\\/\\\/www.libinst.ch\\\/fr\\\/pistes-de-reflexion\\\/tolerer-l-intolerance\\\/\",\"name\":\"Faut-il tol\u00e9rer l'intol\u00e9rance\u00a0? - Institut Lib\u00e9ral\",\"isPartOf\":{\"@id\":\"\\\/#website\"},\"primaryImageOfPage\":{\"@id\":\"https:\\\/\\\/www.libinst.ch\\\/fr\\\/pistes-de-reflexion\\\/tolerer-l-intolerance\\\/#primaryimage\"},\"image\":{\"@id\":\"https:\\\/\\\/www.libinst.ch\\\/fr\\\/pistes-de-reflexion\\\/tolerer-l-intolerance\\\/#primaryimage\"},\"thumbnailUrl\":\"https:\\\/\\\/www.libinst.ch\\\/wp-content\\\/uploads\\\/2023\\\/05\\\/tolerance-tolerer-article.jpg\",\"datePublished\":\"2022-11-13T23:00:00+00:00\",\"breadcrumb\":{\"@id\":\"https:\\\/\\\/www.libinst.ch\\\/fr\\\/pistes-de-reflexion\\\/tolerer-l-intolerance\\\/#breadcrumb\"},\"inLanguage\":\"fr-FR\",\"potentialAction\":[{\"@type\":\"ReadAction\",\"target\":[\"https:\\\/\\\/www.libinst.ch\\\/fr\\\/pistes-de-reflexion\\\/tolerer-l-intolerance\\\/\"]}]},{\"@type\":\"ImageObject\",\"inLanguage\":\"fr-FR\",\"@id\":\"https:\\\/\\\/www.libinst.ch\\\/fr\\\/pistes-de-reflexion\\\/tolerer-l-intolerance\\\/#primaryimage\",\"url\":\"https:\\\/\\\/www.libinst.ch\\\/wp-content\\\/uploads\\\/2023\\\/05\\\/tolerance-tolerer-article.jpg\",\"contentUrl\":\"https:\\\/\\\/www.libinst.ch\\\/wp-content\\\/uploads\\\/2023\\\/05\\\/tolerance-tolerer-article.jpg\",\"width\":1920,\"height\":1057,\"caption\":\"World day as diverse cultures and multiculturalism society and international tolerance celebration of global diversity and african american asian and caucasian culture integration and pride.\"},{\"@type\":\"BreadcrumbList\",\"@id\":\"https:\\\/\\\/www.libinst.ch\\\/fr\\\/pistes-de-reflexion\\\/tolerer-l-intolerance\\\/#breadcrumb\",\"itemListElement\":[{\"@type\":\"ListItem\",\"position\":1,\"name\":\"Home\",\"item\":\"https:\\\/\\\/www.libinst.ch\\\/\"},{\"@type\":\"ListItem\",\"position\":2,\"name\":\"Faut-il tol\u00e9rer l&rsquo;intol\u00e9rance\u00a0?\"}]},{\"@type\":\"WebSite\",\"@id\":\"\\\/#website\",\"url\":\"\\\/\",\"name\":\"Institut Lib\u00e9ral\",\"description\":\"\",\"publisher\":{\"@id\":\"\\\/#organization\"},\"potentialAction\":[{\"@type\":\"SearchAction\",\"target\":{\"@type\":\"EntryPoint\",\"urlTemplate\":\"\\\/?s={search_term_string}\"},\"query-input\":{\"@type\":\"PropertyValueSpecification\",\"valueRequired\":true,\"valueName\":\"search_term_string\"}}],\"inLanguage\":\"fr-FR\"},{\"@type\":\"Organization\",\"@id\":\"\\\/#organization\",\"name\":\"Institut Lib\u00e9ral\",\"url\":\"\\\/\",\"logo\":{\"@type\":\"ImageObject\",\"inLanguage\":\"fr-FR\",\"@id\":\"\\\/#\\\/schema\\\/logo\\\/image\\\/\",\"url\":\"https:\\\/\\\/www.libinst.ch\\\/wp-content\\\/uploads\\\/2023\\\/08\\\/logo-institut-liberal.png\",\"contentUrl\":\"https:\\\/\\\/www.libinst.ch\\\/wp-content\\\/uploads\\\/2023\\\/08\\\/logo-institut-liberal.png\",\"width\":2935,\"height\":458,\"caption\":\"Institut Lib\u00e9ral\"},\"image\":{\"@id\":\"\\\/#\\\/schema\\\/logo\\\/image\\\/\"}}]}<\/script>\n<!-- \/ Yoast SEO plugin. -->","yoast_head_json":{"title":"Faut-il tol\u00e9rer l'intol\u00e9rance\u00a0? - Institut Lib\u00e9ral","robots":{"index":"index","follow":"follow","max-snippet":"max-snippet:-1","max-image-preview":"max-image-preview:large","max-video-preview":"max-video-preview:-1"},"canonical":"https:\/\/www.libinst.ch\/fr\/pistes-de-reflexion\/tolerer-l-intolerance\/","og_locale":"fr_FR","og_type":"article","og_title":"Faut-il tol\u00e9rer l'intol\u00e9rance\u00a0? - Institut Lib\u00e9ral","og_description":"Ce livre s&rsquo;int\u00e9resse au concept de tol\u00e9rance. En partant de son apparition pour mieux comprendre son \u00e9volution, et les enjeux contemporains. Sur cette base, des r\u00e9ponses aux d\u00e9fis actuels sont pr\u00e9sent\u00e9es. Dans le but de trouver un chemin pour continuer de concilier tol\u00e9rance et libert\u00e9\u00a0!","og_url":"https:\/\/www.libinst.ch\/fr\/pistes-de-reflexion\/tolerer-l-intolerance\/","og_site_name":"Institut Lib\u00e9ral","og_image":[{"width":1920,"height":1057,"url":"https:\/\/www.libinst.ch\/wp-content\/uploads\/2023\/05\/tolerance-tolerer-article.jpg","type":"image\/jpeg"}],"twitter_card":"summary_large_image","twitter_misc":{"Dur\u00e9e de lecture estim\u00e9e":"1 minute"},"schema":{"@context":"https:\/\/schema.org","@graph":[{"@type":"WebPage","@id":"https:\/\/www.libinst.ch\/fr\/pistes-de-reflexion\/tolerer-l-intolerance\/","url":"https:\/\/www.libinst.ch\/fr\/pistes-de-reflexion\/tolerer-l-intolerance\/","name":"Faut-il tol\u00e9rer l'intol\u00e9rance\u00a0? - Institut Lib\u00e9ral","isPartOf":{"@id":"\/#website"},"primaryImageOfPage":{"@id":"https:\/\/www.libinst.ch\/fr\/pistes-de-reflexion\/tolerer-l-intolerance\/#primaryimage"},"image":{"@id":"https:\/\/www.libinst.ch\/fr\/pistes-de-reflexion\/tolerer-l-intolerance\/#primaryimage"},"thumbnailUrl":"https:\/\/www.libinst.ch\/wp-content\/uploads\/2023\/05\/tolerance-tolerer-article.jpg","datePublished":"2022-11-13T23:00:00+00:00","breadcrumb":{"@id":"https:\/\/www.libinst.ch\/fr\/pistes-de-reflexion\/tolerer-l-intolerance\/#breadcrumb"},"inLanguage":"fr-FR","potentialAction":[{"@type":"ReadAction","target":["https:\/\/www.libinst.ch\/fr\/pistes-de-reflexion\/tolerer-l-intolerance\/"]}]},{"@type":"ImageObject","inLanguage":"fr-FR","@id":"https:\/\/www.libinst.ch\/fr\/pistes-de-reflexion\/tolerer-l-intolerance\/#primaryimage","url":"https:\/\/www.libinst.ch\/wp-content\/uploads\/2023\/05\/tolerance-tolerer-article.jpg","contentUrl":"https:\/\/www.libinst.ch\/wp-content\/uploads\/2023\/05\/tolerance-tolerer-article.jpg","width":1920,"height":1057,"caption":"World day as diverse cultures and multiculturalism society and international tolerance celebration of global diversity and african american asian and caucasian culture integration and pride."},{"@type":"BreadcrumbList","@id":"https:\/\/www.libinst.ch\/fr\/pistes-de-reflexion\/tolerer-l-intolerance\/#breadcrumb","itemListElement":[{"@type":"ListItem","position":1,"name":"Home","item":"https:\/\/www.libinst.ch\/"},{"@type":"ListItem","position":2,"name":"Faut-il tol\u00e9rer l&rsquo;intol\u00e9rance\u00a0?"}]},{"@type":"WebSite","@id":"\/#website","url":"\/","name":"Institut Lib\u00e9ral","description":"","publisher":{"@id":"\/#organization"},"potentialAction":[{"@type":"SearchAction","target":{"@type":"EntryPoint","urlTemplate":"\/?s={search_term_string}"},"query-input":{"@type":"PropertyValueSpecification","valueRequired":true,"valueName":"search_term_string"}}],"inLanguage":"fr-FR"},{"@type":"Organization","@id":"\/#organization","name":"Institut Lib\u00e9ral","url":"\/","logo":{"@type":"ImageObject","inLanguage":"fr-FR","@id":"\/#\/schema\/logo\/image\/","url":"https:\/\/www.libinst.ch\/wp-content\/uploads\/2023\/08\/logo-institut-liberal.png","contentUrl":"https:\/\/www.libinst.ch\/wp-content\/uploads\/2023\/08\/logo-institut-liberal.png","width":2935,"height":458,"caption":"Institut Lib\u00e9ral"},"image":{"@id":"\/#\/schema\/logo\/image\/"}}]}},"_links":{"self":[{"href":"https:\/\/www.libinst.ch\/fr\/wp-json\/wp\/v2\/denkanstoesse\/12207","targetHints":{"allow":["GET"]}}],"collection":[{"href":"https:\/\/www.libinst.ch\/fr\/wp-json\/wp\/v2\/denkanstoesse"}],"about":[{"href":"https:\/\/www.libinst.ch\/fr\/wp-json\/wp\/v2\/types\/denkanstoesse"}],"wp:featuredmedia":[{"embeddable":true,"href":"https:\/\/www.libinst.ch\/fr\/wp-json\/wp\/v2\/media\/10861"}],"wp:attachment":[{"href":"https:\/\/www.libinst.ch\/fr\/wp-json\/wp\/v2\/media?parent=12207"}],"wp:term":[{"taxonomy":"tags","embeddable":true,"href":"https:\/\/www.libinst.ch\/fr\/wp-json\/wp\/v2\/tag?post=12207"}],"curies":[{"name":"wp","href":"https:\/\/api.w.org\/{rel}","templated":true}]}}