{"id":22132,"date":"2023-10-01T18:54:49","date_gmt":"2023-10-01T16:54:49","guid":{"rendered":"https:\/\/www.libinst.ch\/denkanstoesse\/index-fuer-wirtschaftliche-freiheit-2023\/"},"modified":"2023-10-05T10:05:52","modified_gmt":"2023-10-05T08:05:52","slug":"indice-de-liberte-economique-2023","status":"publish","type":"denkanstoesse","link":"https:\/\/www.libinst.ch\/fr\/publications\/indice-de-liberte-economique-2023\/","title":{"rendered":"Indice de libert\u00e9 \u00e9conomique 2023"},"content":{"rendered":"<p>La Suisse est le pays o\u00f9 la libert\u00e9 \u00e9conomique est la plus grande en Europe et le troisi\u00e8me au niveau mondial. C&rsquo;est ce que montre le rapport annuel de l&rsquo;indice de libert\u00e9 \u00e9conomique 2023, publi\u00e9 en Suisse par l&rsquo;Institut Lib\u00e9ral.<\/p>\n<p>Hong Kong perd la premi\u00e8re place du pays o\u00f9 la libert\u00e9 \u00e9conomique est la plus grande au profit de Singapour. Un r\u00e9sultat auquel on pouvait s&rsquo;attendre compte tenu de l&rsquo;ing\u00e9rence croissante de la Chine dans le pays. Pour la premi\u00e8re fois depuis la cr\u00e9ation de l&rsquo;indice, Hong Kong n&rsquo;occupe donc pas la premi\u00e8re, mais la deuxi\u00e8me place. Singapour et Hong Kong sont suivis dans le classement de cette ann\u00e9e par la Suisse, la Nouvelle-Z\u00e9lande et les \u00c9tats-Unis. La Syrie, le Zimbabwe et le Venezuela occupent les derni\u00e8res places du classement. Enfin, les dictatures comme Cuba et la Cor\u00e9e du Nord ne figurent pas dans le classement faute de donn\u00e9es fiables.<\/p>\n<p>Le rapport, qui se base sur des donn\u00e9es de 2021, confirme le lien \u00e9troit entre libert\u00e9 \u00e9conomique et prosp\u00e9rit\u00e9 :<\/p>\n<ul>\n<li>Le PIB par habitant des 25% de pays les plus libres s&rsquo;\u00e9l\u00e8ve \u00e0 48&rsquo;569 dollars, alors que celui des 25% les moins libres n&rsquo;est que de 6&rsquo;324 dollars.<br \/>\n<img loading=\"lazy\" decoding=\"async\" class=\" wp-image-22047 aligncenter\" src=\"https:\/\/www.libinst.ch\/wp-content\/uploads\/2023\/10\/Einkommensunterschiede-300x177.png\" alt=\"\" width=\"483\" height=\"285\" srcset=\"https:\/\/www.libinst.ch\/wp-content\/uploads\/2023\/10\/Einkommensunterschiede-300x177.png 300w, https:\/\/www.libinst.ch\/wp-content\/uploads\/2023\/10\/Einkommensunterschiede-768x454.png 768w, https:\/\/www.libinst.ch\/wp-content\/uploads\/2023\/10\/Einkommensunterschiede-600x355.png 600w, https:\/\/www.libinst.ch\/wp-content\/uploads\/2023\/10\/Einkommensunterschiede.png 903w\" sizes=\"auto, (max-width: 483px) 100vw, 483px\" \/><\/li>\n<li>Les 10% les plus pauvres de la population des pays libres ont per\u00e7u un revenu par habitant de 14&rsquo;204 dollars, alors que les 10% les plus pauvres de la population des pays dits <em>non libres<\/em> n&rsquo;ont gagn\u00e9 que 1&rsquo;736 dollars. Les 10% les plus pauvres des pays libres ont donc gagn\u00e9 plus de deux fois plus que la population moyenne des pays non libres.<br \/>\n<img loading=\"lazy\" decoding=\"async\" class=\" wp-image-22051 aligncenter\" src=\"https:\/\/www.libinst.ch\/wp-content\/uploads\/2023\/10\/Einkommen-der-10-Prozent-Aermsten-300x183.png\" alt=\"\" width=\"502\" height=\"306\" srcset=\"https:\/\/www.libinst.ch\/wp-content\/uploads\/2023\/10\/Einkommen-der-10-Prozent-Aermsten-300x183.png 300w, https:\/\/www.libinst.ch\/wp-content\/uploads\/2023\/10\/Einkommen-der-10-Prozent-Aermsten-768x468.png 768w, https:\/\/www.libinst.ch\/wp-content\/uploads\/2023\/10\/Einkommen-der-10-Prozent-Aermsten-600x365.png 600w, https:\/\/www.libinst.ch\/wp-content\/uploads\/2023\/10\/Einkommen-der-10-Prozent-Aermsten.png 903w\" sizes=\"auto, (max-width: 502px) 100vw, 502px\" \/><\/li>\n<li>Dans le quart des pays le moins libre, 31,7 % de la population est touch\u00e9e par l&rsquo;extr\u00eame pauvret\u00e9 (2,15 dollars par jour), contre seulement 1,0 % dans le quart des pays les plus libres.<br \/>\n<img loading=\"lazy\" decoding=\"async\" class=\" wp-image-22071 aligncenter\" src=\"https:\/\/www.libinst.ch\/wp-content\/uploads\/2023\/10\/Extreme-Armutsraten-300x195.png\" alt=\"\" width=\"492\" height=\"320\" srcset=\"https:\/\/www.libinst.ch\/wp-content\/uploads\/2023\/10\/Extreme-Armutsraten-300x195.png 300w, https:\/\/www.libinst.ch\/wp-content\/uploads\/2023\/10\/Extreme-Armutsraten-768x500.png 768w, https:\/\/www.libinst.ch\/wp-content\/uploads\/2023\/10\/Extreme-Armutsraten-600x391.png 600w, https:\/\/www.libinst.ch\/wp-content\/uploads\/2023\/10\/Extreme-Armutsraten.png 903w\" sizes=\"auto, (max-width: 492px) 100vw, 492px\" \/><\/li>\n<li>L&rsquo;esp\u00e9rance de vie est de 80,8 ans dans le quart des pays les plus libres et de 65 ans dans le quart des pays les plus en difficult\u00e9.<br \/>\n<img loading=\"lazy\" decoding=\"async\" class=\"wp-image-22055 aligncenter\" src=\"https:\/\/www.libinst.ch\/wp-content\/uploads\/2023\/10\/Lebenserwartung-300x181.png\" alt=\"\" width=\"487\" height=\"294\" srcset=\"https:\/\/www.libinst.ch\/wp-content\/uploads\/2023\/10\/Lebenserwartung-300x181.png 300w, https:\/\/www.libinst.ch\/wp-content\/uploads\/2023\/10\/Lebenserwartung-768x463.png 768w, https:\/\/www.libinst.ch\/wp-content\/uploads\/2023\/10\/Lebenserwartung-600x361.png 600w, https:\/\/www.libinst.ch\/wp-content\/uploads\/2023\/10\/Lebenserwartung.png 903w\" sizes=\"auto, (max-width: 487px) 100vw, 487px\" \/><\/li>\n<li>La mortalit\u00e9 infantile atteint 4,2% dans le quart de pays les plus libres, contre 39,1% dans les pays les moins libres.<br \/>\n<img loading=\"lazy\" decoding=\"async\" class=\" wp-image-22059 aligncenter\" src=\"https:\/\/www.libinst.ch\/wp-content\/uploads\/2023\/10\/Kindersterblichkeit-300x183.png\" alt=\"\" width=\"479\" height=\"292\" srcset=\"https:\/\/www.libinst.ch\/wp-content\/uploads\/2023\/10\/Kindersterblichkeit-300x183.png 300w, https:\/\/www.libinst.ch\/wp-content\/uploads\/2023\/10\/Kindersterblichkeit-768x469.png 768w, https:\/\/www.libinst.ch\/wp-content\/uploads\/2023\/10\/Kindersterblichkeit-600x367.png 600w, https:\/\/www.libinst.ch\/wp-content\/uploads\/2023\/10\/Kindersterblichkeit.png 903w\" sizes=\"auto, (max-width: 479px) 100vw, 479px\" \/><\/li>\n<li>Les personnes vivant dans les pays les plus libres (25%) se sont d\u00e9clar\u00e9es plus heureuses (avec un score de 6,8 sur 10) que celles vivant dans les pays les moins libres (4,6).<img loading=\"lazy\" decoding=\"async\" class=\" wp-image-22067 aligncenter\" src=\"https:\/\/www.libinst.ch\/wp-content\/uploads\/2023\/10\/Glueck-1-300x184.png\" alt=\"\" width=\"477\" height=\"292\" srcset=\"https:\/\/www.libinst.ch\/wp-content\/uploads\/2023\/10\/Glueck-1-300x184.png 300w, https:\/\/www.libinst.ch\/wp-content\/uploads\/2023\/10\/Glueck-1-768x470.png 768w, https:\/\/www.libinst.ch\/wp-content\/uploads\/2023\/10\/Glueck-1-600x367.png 600w, https:\/\/www.libinst.ch\/wp-content\/uploads\/2023\/10\/Glueck-1.png 903w\" sizes=\"auto, (max-width: 477px) 100vw, 477px\" \/><\/li>\n<\/ul>\n<h3>La Suisse en comparaison internationale<\/h3>\n<p>Dans le classement actuel, la Suisse obtient les r\u00e9sultats suivants<br \/>\n(sur une \u00e9chelle de 1 \u00e0 10) :<\/p>\n<ul>\n<li>\u00c9tendue de l&rsquo;activit\u00e9 de l&rsquo;\u00c9tat : 7,5, comme l&rsquo;ann\u00e9e pr\u00e9c\u00e9dente (36e rang mondial dans ce domaine)<\/li>\n<li>\u00c9tat de droit et protection de la propri\u00e9t\u00e9 priv\u00e9e : am\u00e9lioration de 8,7 \u00e0 9 (4e rang mondial dans ce domaine).<\/li>\n<li>Acc\u00e8s \u00e0 une monnaie stable : 9,9 comme l&rsquo;ann\u00e9e pr\u00e9c\u00e9dente (la Suisse est en t\u00eate du classement sur ce point).<\/li>\n<li>Libert\u00e9 de commercer avec le reste du monde : am\u00e9lioration de 7,6 \u00e0 8,1 (au niveau mondial, la Suisse n&rsquo;est que 44e dans ce domaine).<\/li>\n<li>Densit\u00e9 r\u00e9glementaire : d\u00e9t\u00e9rioration de 8,1 \u00e0 8,0 (ce qui place la Suisse au 12e rang dans ce domaine).<\/li>\n<\/ul>\n<p>Malgr\u00e9 des r\u00e9sultats relativement bons dans l&rsquo;ensemble par rapport \u00e0 d&rsquo;autres pays, il ne faut toutefois pas se faire de fausses id\u00e9es : Le poids de l&rsquo;\u00c9tat est nettement trop important en Suisse : 35 pays font mieux que la Suisse dans ce domaine. Une r\u00e9duction de l&rsquo;activit\u00e9 \u00e9tatique permettrait de lib\u00e9rer un \u00e9norme potentiel de croissance. Il y a \u00e9galement une grande marge de progression en mati\u00e8re d&rsquo;acc\u00e8s au commerce international, la Suisse n&rsquo;occupant que la 44e place mondiale dans ce domaine. Un acc\u00e8s ouvert au march\u00e9 mondial est essentiel pour un pays pauvre en ressources comme la Suisse, afin de maintenir et d&rsquo;\u00e9tendre sa prosp\u00e9rit\u00e9.<\/p>\n<p><img loading=\"lazy\" decoding=\"async\" class=\" wp-image-22079 aligncenter\" src=\"https:\/\/www.libinst.ch\/wp-content\/uploads\/2023\/10\/Schweiz-1-1-300x195.png\" alt=\"\" width=\"681\" height=\"443\" srcset=\"https:\/\/www.libinst.ch\/wp-content\/uploads\/2023\/10\/Schweiz-1-1-300x195.png 300w, https:\/\/www.libinst.ch\/wp-content\/uploads\/2023\/10\/Schweiz-1-1-768x500.png 768w, https:\/\/www.libinst.ch\/wp-content\/uploads\/2023\/10\/Schweiz-1-1-600x391.png 600w, https:\/\/www.libinst.ch\/wp-content\/uploads\/2023\/10\/Schweiz-1-1.png 903w\" sizes=\"auto, (max-width: 681px) 100vw, 681px\" \/> <img loading=\"lazy\" decoding=\"async\" class=\" wp-image-22083 aligncenter\" src=\"https:\/\/www.libinst.ch\/wp-content\/uploads\/2023\/10\/Schweiz2-300x250.png\" alt=\"\" width=\"676\" height=\"563\" srcset=\"https:\/\/www.libinst.ch\/wp-content\/uploads\/2023\/10\/Schweiz2-300x250.png 300w, https:\/\/www.libinst.ch\/wp-content\/uploads\/2023\/10\/Schweiz2-768x639.png 768w, https:\/\/www.libinst.ch\/wp-content\/uploads\/2023\/10\/Schweiz2-600x499.png 600w, https:\/\/www.libinst.ch\/wp-content\/uploads\/2023\/10\/Schweiz2.png 903w\" sizes=\"auto, (max-width: 676px) 100vw, 676px\" \/><\/p>\n<p>&nbsp;<\/p>\n<p>Parmi les 10 pays les plus libres \u00e9conomiquement au monde, on trouve Singapour (8,56 points), Hong Kong (8,55) et la Suisse (8,47), mais aussi la Nouvelle-Z\u00e9lande (8,43), les \u00c9tats-Unis (8,14), l&rsquo;Irlande (8,11), le Danemark (8,10), l&rsquo;Australie (8,05), la Grande-Bretagne (8,01) et le Canada (7,98).<\/p>\n<p>Parmi les autres grandes \u00e9conomies, le Japon occupe la 20e place, l&rsquo;Allemagne la 23e, la France la 47e et l&rsquo;Italie la 53e. Le Mexique se classe 68e, devant l&rsquo;Inde (87e), le Br\u00e9sil (90e), l&rsquo;Afrique du Sud (94e), la Russie (104e) et la Chine (111e). Cela montre le potentiel de rattrapage consid\u00e9rable dont disposent encore les pays du groupe BRICS.<\/p>\n<p>Il est frappant de constater que la libert\u00e9 \u00e9conomique a fortement diminu\u00e9 dans le monde entier depuis l&rsquo;intervention \u00e9tatique excessive dans le cadre de la crise Covid. Entre 2000 et 2019, la note moyenne de la libert\u00e9 \u00e9conomique est pass\u00e9e de 6,58 \u00e0 6,94, un chiffre qui a ensuite chut\u00e9 \u00e0 6,77 en 2020, o\u00f9 il est rest\u00e9 en 2021. La derni\u00e8re fois que la note moyenne de la libert\u00e9 \u00e9conomique a \u00e9t\u00e9 aussi basse dans le monde, c&rsquo;\u00e9tait en 2009.<\/p>\n<p><img loading=\"lazy\" decoding=\"async\" class=\" wp-image-22093 aligncenter\" src=\"https:\/\/www.libinst.ch\/wp-content\/uploads\/2023\/10\/Wirtschaftliche-Freiheit-zurueck-1-300x205.png\" alt=\"\" width=\"544\" height=\"372\" srcset=\"https:\/\/www.libinst.ch\/wp-content\/uploads\/2023\/10\/Wirtschaftliche-Freiheit-zurueck-1-300x205.png 300w, https:\/\/www.libinst.ch\/wp-content\/uploads\/2023\/10\/Wirtschaftliche-Freiheit-zurueck-1-768x525.png 768w, https:\/\/www.libinst.ch\/wp-content\/uploads\/2023\/10\/Wirtschaftliche-Freiheit-zurueck-1-600x410.png 600w, https:\/\/www.libinst.ch\/wp-content\/uploads\/2023\/10\/Wirtschaftliche-Freiheit-zurueck-1.png 815w\" sizes=\"auto, (max-width: 544px) 100vw, 544px\" \/><\/p>\n","protected":false},"featured_media":22036,"template":"","tag":[185,180,1589,182,172,181,1637],"class_list":["post-22132","denkanstoesse","type-denkanstoesse","status-publish","has-post-thumbnail","hentry","tags-droits-de-propriete","tags-fiscalite","tags-indice-de-liberte","tags-liberte-economique-et-croissance","tags-monnaie-et-marches-financiers","tags-regulation","tags-schweiz-fr"],"acf":[],"yoast_head":"<!-- This site is optimized with the Yoast SEO plugin v27.3 - https:\/\/yoast.com\/product\/yoast-seo-wordpress\/ -->\n<title>Indice de libert\u00e9 \u00e9conomique 2023 - Institut Lib\u00e9ral<\/title>\n<meta name=\"description\" content=\"La Suisse est le pays o\u00f9 la libert\u00e9 \u00e9conomique est la plus grande en Europe et le troisi\u00e8me au niveau mondial. C&#039;est ce que montre le rapport annuel de l&#039;indice de libert\u00e9 \u00e9conomique 2023, publi\u00e9 en Suisse par l&#039;Institut Lib\u00e9ral.\" \/>\n<meta name=\"robots\" content=\"index, follow, max-snippet:-1, max-image-preview:large, max-video-preview:-1\" \/>\n<link rel=\"canonical\" href=\"https:\/\/www.libinst.ch\/fr\/publications\/indice-de-liberte-economique-2023\/\" \/>\n<meta property=\"og:locale\" content=\"fr_FR\" \/>\n<meta property=\"og:type\" content=\"article\" \/>\n<meta property=\"og:title\" content=\"Indice de libert\u00e9 \u00e9conomique 2023 - Institut Lib\u00e9ral\" \/>\n<meta property=\"og:description\" content=\"La Suisse est le pays o\u00f9 la libert\u00e9 \u00e9conomique est la plus grande en Europe et le troisi\u00e8me au niveau mondial. C&#039;est ce que montre le rapport annuel de l&#039;indice de libert\u00e9 \u00e9conomique 2023, publi\u00e9 en Suisse par l&#039;Institut Lib\u00e9ral.\" \/>\n<meta property=\"og:url\" content=\"https:\/\/www.libinst.ch\/fr\/publications\/indice-de-liberte-economique-2023\/\" \/>\n<meta property=\"og:site_name\" content=\"Institut Lib\u00e9ral\" \/>\n<meta property=\"article:modified_time\" content=\"2023-10-05T08:05:52+00:00\" \/>\n<meta property=\"og:image\" content=\"https:\/\/www.libinst.ch\/wp-content\/uploads\/2023\/09\/unternehmerin-happy-pakete.jpg\" \/>\n\t<meta property=\"og:image:width\" content=\"1000\" \/>\n\t<meta property=\"og:image:height\" content=\"667\" \/>\n\t<meta property=\"og:image:type\" content=\"image\/jpeg\" \/>\n<meta name=\"twitter:card\" content=\"summary_large_image\" \/>\n<meta name=\"twitter:label1\" content=\"Dur\u00e9e de lecture estim\u00e9e\" \/>\n\t<meta name=\"twitter:data1\" content=\"7 minutes\" \/>\n<script type=\"application\/ld+json\" class=\"yoast-schema-graph\">{\"@context\":\"https:\\\/\\\/schema.org\",\"@graph\":[{\"@type\":\"WebPage\",\"@id\":\"https:\\\/\\\/www.libinst.ch\\\/fr\\\/publications\\\/indice-de-liberte-economique-2023\\\/\",\"url\":\"https:\\\/\\\/www.libinst.ch\\\/fr\\\/publications\\\/indice-de-liberte-economique-2023\\\/\",\"name\":\"Indice de libert\u00e9 \u00e9conomique 2023 - Institut Lib\u00e9ral\",\"isPartOf\":{\"@id\":\"\\\/#website\"},\"primaryImageOfPage\":{\"@id\":\"https:\\\/\\\/www.libinst.ch\\\/fr\\\/publications\\\/indice-de-liberte-economique-2023\\\/#primaryimage\"},\"image\":{\"@id\":\"https:\\\/\\\/www.libinst.ch\\\/fr\\\/publications\\\/indice-de-liberte-economique-2023\\\/#primaryimage\"},\"thumbnailUrl\":\"https:\\\/\\\/www.libinst.ch\\\/wp-content\\\/uploads\\\/2023\\\/09\\\/unternehmerin-happy-pakete.jpg\",\"datePublished\":\"2023-10-01T16:54:49+00:00\",\"dateModified\":\"2023-10-05T08:05:52+00:00\",\"description\":\"La Suisse est le pays o\u00f9 la libert\u00e9 \u00e9conomique est la plus grande en Europe et le troisi\u00e8me au niveau mondial. C'est ce que montre le rapport annuel de l'indice de libert\u00e9 \u00e9conomique 2023, publi\u00e9 en Suisse par l'Institut Lib\u00e9ral.\",\"breadcrumb\":{\"@id\":\"https:\\\/\\\/www.libinst.ch\\\/fr\\\/publications\\\/indice-de-liberte-economique-2023\\\/#breadcrumb\"},\"inLanguage\":\"fr-FR\",\"potentialAction\":[{\"@type\":\"ReadAction\",\"target\":[\"https:\\\/\\\/www.libinst.ch\\\/fr\\\/publications\\\/indice-de-liberte-economique-2023\\\/\"]}]},{\"@type\":\"ImageObject\",\"inLanguage\":\"fr-FR\",\"@id\":\"https:\\\/\\\/www.libinst.ch\\\/fr\\\/publications\\\/indice-de-liberte-economique-2023\\\/#primaryimage\",\"url\":\"https:\\\/\\\/www.libinst.ch\\\/wp-content\\\/uploads\\\/2023\\\/09\\\/unternehmerin-happy-pakete.jpg\",\"contentUrl\":\"https:\\\/\\\/www.libinst.ch\\\/wp-content\\\/uploads\\\/2023\\\/09\\\/unternehmerin-happy-pakete.jpg\",\"width\":1000,\"height\":667},{\"@type\":\"BreadcrumbList\",\"@id\":\"https:\\\/\\\/www.libinst.ch\\\/fr\\\/publications\\\/indice-de-liberte-economique-2023\\\/#breadcrumb\",\"itemListElement\":[{\"@type\":\"ListItem\",\"position\":1,\"name\":\"Home\",\"item\":\"https:\\\/\\\/www.libinst.ch\\\/\"},{\"@type\":\"ListItem\",\"position\":2,\"name\":\"Indice de libert\u00e9 \u00e9conomique 2023\"}]},{\"@type\":\"WebSite\",\"@id\":\"\\\/#website\",\"url\":\"\\\/\",\"name\":\"Institut Lib\u00e9ral\",\"description\":\"\",\"publisher\":{\"@id\":\"\\\/#organization\"},\"potentialAction\":[{\"@type\":\"SearchAction\",\"target\":{\"@type\":\"EntryPoint\",\"urlTemplate\":\"\\\/?s={search_term_string}\"},\"query-input\":{\"@type\":\"PropertyValueSpecification\",\"valueRequired\":true,\"valueName\":\"search_term_string\"}}],\"inLanguage\":\"fr-FR\"},{\"@type\":\"Organization\",\"@id\":\"\\\/#organization\",\"name\":\"Institut Lib\u00e9ral\",\"url\":\"\\\/\",\"logo\":{\"@type\":\"ImageObject\",\"inLanguage\":\"fr-FR\",\"@id\":\"\\\/#\\\/schema\\\/logo\\\/image\\\/\",\"url\":\"https:\\\/\\\/www.libinst.ch\\\/wp-content\\\/uploads\\\/2023\\\/08\\\/logo-institut-liberal.png\",\"contentUrl\":\"https:\\\/\\\/www.libinst.ch\\\/wp-content\\\/uploads\\\/2023\\\/08\\\/logo-institut-liberal.png\",\"width\":2935,\"height\":458,\"caption\":\"Institut Lib\u00e9ral\"},\"image\":{\"@id\":\"\\\/#\\\/schema\\\/logo\\\/image\\\/\"}}]}<\/script>\n<!-- \/ Yoast SEO plugin. -->","yoast_head_json":{"title":"Indice de libert\u00e9 \u00e9conomique 2023 - Institut Lib\u00e9ral","description":"La Suisse est le pays o\u00f9 la libert\u00e9 \u00e9conomique est la plus grande en Europe et le troisi\u00e8me au niveau mondial. C'est ce que montre le rapport annuel de l'indice de libert\u00e9 \u00e9conomique 2023, publi\u00e9 en Suisse par l'Institut Lib\u00e9ral.","robots":{"index":"index","follow":"follow","max-snippet":"max-snippet:-1","max-image-preview":"max-image-preview:large","max-video-preview":"max-video-preview:-1"},"canonical":"https:\/\/www.libinst.ch\/fr\/publications\/indice-de-liberte-economique-2023\/","og_locale":"fr_FR","og_type":"article","og_title":"Indice de libert\u00e9 \u00e9conomique 2023 - Institut Lib\u00e9ral","og_description":"La Suisse est le pays o\u00f9 la libert\u00e9 \u00e9conomique est la plus grande en Europe et le troisi\u00e8me au niveau mondial. C'est ce que montre le rapport annuel de l'indice de libert\u00e9 \u00e9conomique 2023, publi\u00e9 en Suisse par l'Institut Lib\u00e9ral.","og_url":"https:\/\/www.libinst.ch\/fr\/publications\/indice-de-liberte-economique-2023\/","og_site_name":"Institut Lib\u00e9ral","article_modified_time":"2023-10-05T08:05:52+00:00","og_image":[{"width":1000,"height":667,"url":"https:\/\/www.libinst.ch\/wp-content\/uploads\/2023\/09\/unternehmerin-happy-pakete.jpg","type":"image\/jpeg"}],"twitter_card":"summary_large_image","twitter_misc":{"Dur\u00e9e de lecture estim\u00e9e":"7 minutes"},"schema":{"@context":"https:\/\/schema.org","@graph":[{"@type":"WebPage","@id":"https:\/\/www.libinst.ch\/fr\/publications\/indice-de-liberte-economique-2023\/","url":"https:\/\/www.libinst.ch\/fr\/publications\/indice-de-liberte-economique-2023\/","name":"Indice de libert\u00e9 \u00e9conomique 2023 - Institut Lib\u00e9ral","isPartOf":{"@id":"\/#website"},"primaryImageOfPage":{"@id":"https:\/\/www.libinst.ch\/fr\/publications\/indice-de-liberte-economique-2023\/#primaryimage"},"image":{"@id":"https:\/\/www.libinst.ch\/fr\/publications\/indice-de-liberte-economique-2023\/#primaryimage"},"thumbnailUrl":"https:\/\/www.libinst.ch\/wp-content\/uploads\/2023\/09\/unternehmerin-happy-pakete.jpg","datePublished":"2023-10-01T16:54:49+00:00","dateModified":"2023-10-05T08:05:52+00:00","description":"La Suisse est le pays o\u00f9 la libert\u00e9 \u00e9conomique est la plus grande en Europe et le troisi\u00e8me au niveau mondial. C'est ce que montre le rapport annuel de l'indice de libert\u00e9 \u00e9conomique 2023, publi\u00e9 en Suisse par l'Institut Lib\u00e9ral.","breadcrumb":{"@id":"https:\/\/www.libinst.ch\/fr\/publications\/indice-de-liberte-economique-2023\/#breadcrumb"},"inLanguage":"fr-FR","potentialAction":[{"@type":"ReadAction","target":["https:\/\/www.libinst.ch\/fr\/publications\/indice-de-liberte-economique-2023\/"]}]},{"@type":"ImageObject","inLanguage":"fr-FR","@id":"https:\/\/www.libinst.ch\/fr\/publications\/indice-de-liberte-economique-2023\/#primaryimage","url":"https:\/\/www.libinst.ch\/wp-content\/uploads\/2023\/09\/unternehmerin-happy-pakete.jpg","contentUrl":"https:\/\/www.libinst.ch\/wp-content\/uploads\/2023\/09\/unternehmerin-happy-pakete.jpg","width":1000,"height":667},{"@type":"BreadcrumbList","@id":"https:\/\/www.libinst.ch\/fr\/publications\/indice-de-liberte-economique-2023\/#breadcrumb","itemListElement":[{"@type":"ListItem","position":1,"name":"Home","item":"https:\/\/www.libinst.ch\/"},{"@type":"ListItem","position":2,"name":"Indice de libert\u00e9 \u00e9conomique 2023"}]},{"@type":"WebSite","@id":"\/#website","url":"\/","name":"Institut Lib\u00e9ral","description":"","publisher":{"@id":"\/#organization"},"potentialAction":[{"@type":"SearchAction","target":{"@type":"EntryPoint","urlTemplate":"\/?s={search_term_string}"},"query-input":{"@type":"PropertyValueSpecification","valueRequired":true,"valueName":"search_term_string"}}],"inLanguage":"fr-FR"},{"@type":"Organization","@id":"\/#organization","name":"Institut Lib\u00e9ral","url":"\/","logo":{"@type":"ImageObject","inLanguage":"fr-FR","@id":"\/#\/schema\/logo\/image\/","url":"https:\/\/www.libinst.ch\/wp-content\/uploads\/2023\/08\/logo-institut-liberal.png","contentUrl":"https:\/\/www.libinst.ch\/wp-content\/uploads\/2023\/08\/logo-institut-liberal.png","width":2935,"height":458,"caption":"Institut Lib\u00e9ral"},"image":{"@id":"\/#\/schema\/logo\/image\/"}}]}},"_links":{"self":[{"href":"https:\/\/www.libinst.ch\/fr\/wp-json\/wp\/v2\/denkanstoesse\/22132","targetHints":{"allow":["GET"]}}],"collection":[{"href":"https:\/\/www.libinst.ch\/fr\/wp-json\/wp\/v2\/denkanstoesse"}],"about":[{"href":"https:\/\/www.libinst.ch\/fr\/wp-json\/wp\/v2\/types\/denkanstoesse"}],"wp:featuredmedia":[{"embeddable":true,"href":"https:\/\/www.libinst.ch\/fr\/wp-json\/wp\/v2\/media\/22036"}],"wp:attachment":[{"href":"https:\/\/www.libinst.ch\/fr\/wp-json\/wp\/v2\/media?parent=22132"}],"wp:term":[{"taxonomy":"tags","embeddable":true,"href":"https:\/\/www.libinst.ch\/fr\/wp-json\/wp\/v2\/tag?post=22132"}],"curies":[{"name":"wp","href":"https:\/\/api.w.org\/{rel}","templated":true}]}}