{"id":26753,"date":"2024-10-25T17:27:17","date_gmt":"2024-10-25T15:27:17","guid":{"rendered":"https:\/\/www.libinst.ch\/?post_type=denkanstoesse&#038;p=26753"},"modified":"2024-10-25T17:29:47","modified_gmt":"2024-10-25T15:29:47","slug":"indice-droits-propriete-2024","status":"publish","type":"denkanstoesse","link":"https:\/\/www.libinst.ch\/fr\/publications\/indice-droits-propriete-2024\/","title":{"rendered":"Indice international des droits de propri\u00e9t\u00e9 2024"},"content":{"rendered":"<p>Alors qu&rsquo;en 2021, la Suisse \u00e9tait encore le pays qui prot\u00e9geait comparativement le mieux les droits de propri\u00e9t\u00e9, elle a recul\u00e9 \u00e0 la 3e place en 2022 et \u00e0 la 12e place en 2023. En 2024, le pays a certes pu \u00e9viter une nouvelle d\u00e9gringolade et s&rsquo;assurer une place juste en dehors du top 10. Il est n\u00e9anmoins difficile de se r\u00e9jouir de la progression de la 12e \u00e0 la 11e place, car la situation \u00e9tait bien meilleure il y a encore trois ans.<\/p>\n<p>Cette ann\u00e9e, l&rsquo;indice des droits de propri\u00e9t\u00e9 est domin\u00e9 par la Finlande (1\u00e8re place), Singapour (2e place) et le Danemark (3e place). Les Pays-Bas, le Luxembourg et la Su\u00e8de occupent les places 4 \u00e0 6. Le Venezuela, le Y\u00e9men et Ha\u00efti sont en queue de peloton.<\/p>\n<p><img loading=\"lazy\" decoding=\"async\" class=\"wp-image-26621 aligncenter\" src=\"https:\/\/www.libinst.ch\/wp-content\/uploads\/2024\/10\/IPRI_2024_SocialStatGraphics_FB_IPR-1.png\" alt=\"\" width=\"378\" height=\"378\" srcset=\"https:\/\/www.libinst.ch\/wp-content\/uploads\/2024\/10\/IPRI_2024_SocialStatGraphics_FB_IPR-1.png 2500w, https:\/\/www.libinst.ch\/wp-content\/uploads\/2024\/10\/IPRI_2024_SocialStatGraphics_FB_IPR-1-300x300.png 300w, https:\/\/www.libinst.ch\/wp-content\/uploads\/2024\/10\/IPRI_2024_SocialStatGraphics_FB_IPR-1-1024x1024.png 1024w, https:\/\/www.libinst.ch\/wp-content\/uploads\/2024\/10\/IPRI_2024_SocialStatGraphics_FB_IPR-1-150x150.png 150w, https:\/\/www.libinst.ch\/wp-content\/uploads\/2024\/10\/IPRI_2024_SocialStatGraphics_FB_IPR-1-768x768.png 768w, https:\/\/www.libinst.ch\/wp-content\/uploads\/2024\/10\/IPRI_2024_SocialStatGraphics_FB_IPR-1-1536x1536.png 1536w, https:\/\/www.libinst.ch\/wp-content\/uploads\/2024\/10\/IPRI_2024_SocialStatGraphics_FB_IPR-1-2048x2048.png 2048w, https:\/\/www.libinst.ch\/wp-content\/uploads\/2024\/10\/IPRI_2024_SocialStatGraphics_FB_IPR-1-600x600.png 600w, https:\/\/www.libinst.ch\/wp-content\/uploads\/2024\/10\/IPRI_2024_SocialStatGraphics_FB_IPR-1-100x100.png 100w\" sizes=\"auto, (max-width: 378px) 100vw, 378px\" \/><\/p>\n<p>Par rapport \u00e0 l&rsquo;ann\u00e9e derni\u00e8re, le r\u00e9sultat global de la Suisse n&rsquo;a pas chang\u00e9. Le pays obtient toujours 7,6 points. Dans le classement international 2024, le pays occupe la onzi\u00e8me place. Avec un r\u00e9sultat de 8,3 points, la s\u00e9curit\u00e9 juridique et le syst\u00e8me politique de la Suisse sont globalement consid\u00e9r\u00e9s comme identiques \u00e0 ceux de l&rsquo;ann\u00e9e pr\u00e9c\u00e9dente, avec une appr\u00e9ciation particuli\u00e8re pour le contr\u00f4le de la corruption. Le sous-indice des droits de propri\u00e9t\u00e9 physique est rest\u00e9 au m\u00eame niveau que l&rsquo;ann\u00e9e pr\u00e9c\u00e9dente, \u00e0 7,8 points. Le sous-indice des droits de propri\u00e9t\u00e9 intellectuelle est \u00e9galement rest\u00e9 inchang\u00e9, la Suisse obtenant un score de 6,7 points.<\/p>\n<p><img loading=\"lazy\" decoding=\"async\" class=\"wp-image-26625 aligncenter\" src=\"https:\/\/www.libinst.ch\/wp-content\/uploads\/2024\/10\/IPRI_2024_SocialStatGraphics_FB_population-1.png\" alt=\"\" width=\"372\" height=\"372\" srcset=\"https:\/\/www.libinst.ch\/wp-content\/uploads\/2024\/10\/IPRI_2024_SocialStatGraphics_FB_population-1.png 2500w, https:\/\/www.libinst.ch\/wp-content\/uploads\/2024\/10\/IPRI_2024_SocialStatGraphics_FB_population-1-300x300.png 300w, https:\/\/www.libinst.ch\/wp-content\/uploads\/2024\/10\/IPRI_2024_SocialStatGraphics_FB_population-1-1024x1024.png 1024w, https:\/\/www.libinst.ch\/wp-content\/uploads\/2024\/10\/IPRI_2024_SocialStatGraphics_FB_population-1-150x150.png 150w, https:\/\/www.libinst.ch\/wp-content\/uploads\/2024\/10\/IPRI_2024_SocialStatGraphics_FB_population-1-768x768.png 768w, https:\/\/www.libinst.ch\/wp-content\/uploads\/2024\/10\/IPRI_2024_SocialStatGraphics_FB_population-1-1536x1536.png 1536w, https:\/\/www.libinst.ch\/wp-content\/uploads\/2024\/10\/IPRI_2024_SocialStatGraphics_FB_population-1-2048x2048.png 2048w, https:\/\/www.libinst.ch\/wp-content\/uploads\/2024\/10\/IPRI_2024_SocialStatGraphics_FB_population-1-600x600.png 600w, https:\/\/www.libinst.ch\/wp-content\/uploads\/2024\/10\/IPRI_2024_SocialStatGraphics_FB_population-1-100x100.png 100w\" sizes=\"auto, (max-width: 372px) 100vw, 372px\" \/><\/p>\n<p>L&rsquo;indice international des droits de propri\u00e9t\u00e9 est publi\u00e9 chaque ann\u00e9e par l&rsquo;Institut Lib\u00e9ral en coop\u00e9ration avec de nombreuses organisations internationales sous la direction de la Property Rights Alliance, Washington, DC. Cette ann\u00e9e, la 18e \u00e9dition de l&rsquo;\u00e9tude internationale est publi\u00e9e et analyse de mani\u00e8re approfondie la protection de la propri\u00e9t\u00e9 dans 125 pays. L&rsquo;indice agr\u00e8ge des mesures sur (1) l&rsquo;environnement juridique et politique, (2) la protection de la propri\u00e9t\u00e9 physique et (3) la protection de la propri\u00e9t\u00e9 intellectuelle.<\/p>\n<p><img loading=\"lazy\" decoding=\"async\" class=\"wp-image-26629 aligncenter\" src=\"https:\/\/www.libinst.ch\/wp-content\/uploads\/2024\/10\/IPRI_2024_SocialStatGraphics_FB_capita-1.png\" alt=\"\" width=\"372\" height=\"372\" srcset=\"https:\/\/www.libinst.ch\/wp-content\/uploads\/2024\/10\/IPRI_2024_SocialStatGraphics_FB_capita-1.png 2500w, https:\/\/www.libinst.ch\/wp-content\/uploads\/2024\/10\/IPRI_2024_SocialStatGraphics_FB_capita-1-300x300.png 300w, https:\/\/www.libinst.ch\/wp-content\/uploads\/2024\/10\/IPRI_2024_SocialStatGraphics_FB_capita-1-1024x1024.png 1024w, https:\/\/www.libinst.ch\/wp-content\/uploads\/2024\/10\/IPRI_2024_SocialStatGraphics_FB_capita-1-150x150.png 150w, https:\/\/www.libinst.ch\/wp-content\/uploads\/2024\/10\/IPRI_2024_SocialStatGraphics_FB_capita-1-768x768.png 768w, https:\/\/www.libinst.ch\/wp-content\/uploads\/2024\/10\/IPRI_2024_SocialStatGraphics_FB_capita-1-1536x1536.png 1536w, https:\/\/www.libinst.ch\/wp-content\/uploads\/2024\/10\/IPRI_2024_SocialStatGraphics_FB_capita-1-2048x2048.png 2048w, https:\/\/www.libinst.ch\/wp-content\/uploads\/2024\/10\/IPRI_2024_SocialStatGraphics_FB_capita-1-600x600.png 600w, https:\/\/www.libinst.ch\/wp-content\/uploads\/2024\/10\/IPRI_2024_SocialStatGraphics_FB_capita-1-100x100.png 100w\" sizes=\"auto, (max-width: 372px) 100vw, 372px\" \/><\/p>\n<p>Le rapport analyse le lien entre les droits de propri\u00e9t\u00e9 et les indicateurs cl\u00e9s du d\u00e9veloppement du bien-\u00eatre. Il en ressort qu&rsquo;au niveau mondial, une s\u00e9curit\u00e9 juridique accrue et des droits de propri\u00e9t\u00e9 mieux prot\u00e9g\u00e9s entra\u00eenent une augmentation du produit int\u00e9rieur brut (PIB) par habitant, renforcent les investissements directs et conduisent \u00e9galement \u00e0 une croissance \u00e9conomique plus \u00e9lev\u00e9e. Dans le cinqui\u00e8me des \u00c9tats pr\u00e9sentant la plus grande stabilit\u00e9 politique et juridique au monde et les droits de propri\u00e9t\u00e9 les mieux prot\u00e9g\u00e9s, le revenu par habitant, qui s&rsquo;\u00e9l\u00e8ve en moyenne \u00e0 59 128 dollars US, est environ 19 fois plus \u00e9lev\u00e9 que dans le cinqui\u00e8me inf\u00e9rieur de l&rsquo;indice, o\u00f9 le revenu moyen par habitant n&rsquo;est que de 3 161 dollars US.<\/p>\n<p>Le score IPRI mondial moyen est de 5,18, ce qui repr\u00e9sente une l\u00e9g\u00e8re baisse de 0,53 % par rapport \u00e0 l&rsquo;ann\u00e9e pr\u00e9c\u00e9dente. Cette tendance indique que des d\u00e9fis existent en mati\u00e8re de maintien de la protection des droits de propri\u00e9t\u00e9, ce qui peut entraver le progr\u00e8s \u00e9conomique.<\/p>\n","protected":false},"featured_media":26403,"template":"","tag":[1653],"class_list":["post-26753","denkanstoesse","type-denkanstoesse","status-publish","has-post-thumbnail","hentry","tags-index-international-de-competitivite-fiscale-2023"],"acf":[],"yoast_head":"<!-- This site is optimized with the Yoast SEO plugin v27.3 - https:\/\/yoast.com\/product\/yoast-seo-wordpress\/ -->\n<title>Indice international des droits de propri\u00e9t\u00e9 2024 - Institut Lib\u00e9ral<\/title>\n<meta name=\"robots\" content=\"index, follow, max-snippet:-1, max-image-preview:large, max-video-preview:-1\" \/>\n<link rel=\"canonical\" href=\"https:\/\/www.libinst.ch\/fr\/publications\/indice-droits-propriete-2024\/\" \/>\n<meta property=\"og:locale\" content=\"fr_FR\" \/>\n<meta property=\"og:type\" content=\"article\" \/>\n<meta property=\"og:title\" content=\"Indice international des droits de propri\u00e9t\u00e9 2024 - Institut Lib\u00e9ral\" \/>\n<meta property=\"og:description\" content=\"Alors qu&rsquo;en 2021, la Suisse \u00e9tait encore le pays qui prot\u00e9geait comparativement le mieux les droits de propri\u00e9t\u00e9, elle a recul\u00e9 \u00e0 la 3e place en 2022 et \u00e0 la 12e place en 2023. En 2024, le pays a certes pu \u00e9viter une nouvelle d\u00e9gringolade et s&rsquo;assurer une place juste en dehors du top 10. [&hellip;]\" \/>\n<meta property=\"og:url\" content=\"https:\/\/www.libinst.ch\/fr\/publications\/indice-droits-propriete-2024\/\" \/>\n<meta property=\"og:site_name\" content=\"Institut Lib\u00e9ral\" \/>\n<meta property=\"article:modified_time\" content=\"2024-10-25T15:29:47+00:00\" \/>\n<meta property=\"og:image\" content=\"https:\/\/www.libinst.ch\/wp-content\/uploads\/2024\/09\/rentner-schockiert-pc-scaled.jpg\" \/>\n\t<meta property=\"og:image:width\" content=\"2560\" \/>\n\t<meta property=\"og:image:height\" content=\"1708\" \/>\n\t<meta property=\"og:image:type\" content=\"image\/jpeg\" \/>\n<meta name=\"twitter:card\" content=\"summary_large_image\" \/>\n<meta name=\"twitter:label1\" content=\"Dur\u00e9e de lecture estim\u00e9e\" \/>\n\t<meta name=\"twitter:data1\" content=\"4 minutes\" \/>\n<script type=\"application\/ld+json\" class=\"yoast-schema-graph\">{\"@context\":\"https:\\\/\\\/schema.org\",\"@graph\":[{\"@type\":\"WebPage\",\"@id\":\"https:\\\/\\\/www.libinst.ch\\\/fr\\\/publications\\\/indice-droits-propriete-2024\\\/\",\"url\":\"https:\\\/\\\/www.libinst.ch\\\/fr\\\/publications\\\/indice-droits-propriete-2024\\\/\",\"name\":\"Indice international des droits de propri\u00e9t\u00e9 2024 - Institut Lib\u00e9ral\",\"isPartOf\":{\"@id\":\"\\\/#website\"},\"primaryImageOfPage\":{\"@id\":\"https:\\\/\\\/www.libinst.ch\\\/fr\\\/publications\\\/indice-droits-propriete-2024\\\/#primaryimage\"},\"image\":{\"@id\":\"https:\\\/\\\/www.libinst.ch\\\/fr\\\/publications\\\/indice-droits-propriete-2024\\\/#primaryimage\"},\"thumbnailUrl\":\"https:\\\/\\\/www.libinst.ch\\\/wp-content\\\/uploads\\\/2024\\\/09\\\/rentner-schockiert-pc-scaled.jpg\",\"datePublished\":\"2024-10-25T15:27:17+00:00\",\"dateModified\":\"2024-10-25T15:29:47+00:00\",\"breadcrumb\":{\"@id\":\"https:\\\/\\\/www.libinst.ch\\\/fr\\\/publications\\\/indice-droits-propriete-2024\\\/#breadcrumb\"},\"inLanguage\":\"fr-FR\",\"potentialAction\":[{\"@type\":\"ReadAction\",\"target\":[\"https:\\\/\\\/www.libinst.ch\\\/fr\\\/publications\\\/indice-droits-propriete-2024\\\/\"]}]},{\"@type\":\"ImageObject\",\"inLanguage\":\"fr-FR\",\"@id\":\"https:\\\/\\\/www.libinst.ch\\\/fr\\\/publications\\\/indice-droits-propriete-2024\\\/#primaryimage\",\"url\":\"https:\\\/\\\/www.libinst.ch\\\/wp-content\\\/uploads\\\/2024\\\/09\\\/rentner-schockiert-pc-scaled.jpg\",\"contentUrl\":\"https:\\\/\\\/www.libinst.ch\\\/wp-content\\\/uploads\\\/2024\\\/09\\\/rentner-schockiert-pc-scaled.jpg\",\"width\":2560,\"height\":1708},{\"@type\":\"BreadcrumbList\",\"@id\":\"https:\\\/\\\/www.libinst.ch\\\/fr\\\/publications\\\/indice-droits-propriete-2024\\\/#breadcrumb\",\"itemListElement\":[{\"@type\":\"ListItem\",\"position\":1,\"name\":\"Home\",\"item\":\"https:\\\/\\\/www.libinst.ch\\\/\"},{\"@type\":\"ListItem\",\"position\":2,\"name\":\"Indice international des droits de propri\u00e9t\u00e9 2024\"}]},{\"@type\":\"WebSite\",\"@id\":\"\\\/#website\",\"url\":\"\\\/\",\"name\":\"Institut Lib\u00e9ral\",\"description\":\"\",\"publisher\":{\"@id\":\"\\\/#organization\"},\"potentialAction\":[{\"@type\":\"SearchAction\",\"target\":{\"@type\":\"EntryPoint\",\"urlTemplate\":\"\\\/?s={search_term_string}\"},\"query-input\":{\"@type\":\"PropertyValueSpecification\",\"valueRequired\":true,\"valueName\":\"search_term_string\"}}],\"inLanguage\":\"fr-FR\"},{\"@type\":\"Organization\",\"@id\":\"\\\/#organization\",\"name\":\"Institut Lib\u00e9ral\",\"url\":\"\\\/\",\"logo\":{\"@type\":\"ImageObject\",\"inLanguage\":\"fr-FR\",\"@id\":\"\\\/#\\\/schema\\\/logo\\\/image\\\/\",\"url\":\"https:\\\/\\\/www.libinst.ch\\\/wp-content\\\/uploads\\\/2023\\\/08\\\/logo-institut-liberal.png\",\"contentUrl\":\"https:\\\/\\\/www.libinst.ch\\\/wp-content\\\/uploads\\\/2023\\\/08\\\/logo-institut-liberal.png\",\"width\":2935,\"height\":458,\"caption\":\"Institut Lib\u00e9ral\"},\"image\":{\"@id\":\"\\\/#\\\/schema\\\/logo\\\/image\\\/\"}}]}<\/script>\n<!-- \/ Yoast SEO plugin. -->","yoast_head_json":{"title":"Indice international des droits de propri\u00e9t\u00e9 2024 - Institut Lib\u00e9ral","robots":{"index":"index","follow":"follow","max-snippet":"max-snippet:-1","max-image-preview":"max-image-preview:large","max-video-preview":"max-video-preview:-1"},"canonical":"https:\/\/www.libinst.ch\/fr\/publications\/indice-droits-propriete-2024\/","og_locale":"fr_FR","og_type":"article","og_title":"Indice international des droits de propri\u00e9t\u00e9 2024 - Institut Lib\u00e9ral","og_description":"Alors qu&rsquo;en 2021, la Suisse \u00e9tait encore le pays qui prot\u00e9geait comparativement le mieux les droits de propri\u00e9t\u00e9, elle a recul\u00e9 \u00e0 la 3e place en 2022 et \u00e0 la 12e place en 2023. En 2024, le pays a certes pu \u00e9viter une nouvelle d\u00e9gringolade et s&rsquo;assurer une place juste en dehors du top 10. [&hellip;]","og_url":"https:\/\/www.libinst.ch\/fr\/publications\/indice-droits-propriete-2024\/","og_site_name":"Institut Lib\u00e9ral","article_modified_time":"2024-10-25T15:29:47+00:00","og_image":[{"width":2560,"height":1708,"url":"https:\/\/www.libinst.ch\/wp-content\/uploads\/2024\/09\/rentner-schockiert-pc-scaled.jpg","type":"image\/jpeg"}],"twitter_card":"summary_large_image","twitter_misc":{"Dur\u00e9e de lecture estim\u00e9e":"4 minutes"},"schema":{"@context":"https:\/\/schema.org","@graph":[{"@type":"WebPage","@id":"https:\/\/www.libinst.ch\/fr\/publications\/indice-droits-propriete-2024\/","url":"https:\/\/www.libinst.ch\/fr\/publications\/indice-droits-propriete-2024\/","name":"Indice international des droits de propri\u00e9t\u00e9 2024 - Institut Lib\u00e9ral","isPartOf":{"@id":"\/#website"},"primaryImageOfPage":{"@id":"https:\/\/www.libinst.ch\/fr\/publications\/indice-droits-propriete-2024\/#primaryimage"},"image":{"@id":"https:\/\/www.libinst.ch\/fr\/publications\/indice-droits-propriete-2024\/#primaryimage"},"thumbnailUrl":"https:\/\/www.libinst.ch\/wp-content\/uploads\/2024\/09\/rentner-schockiert-pc-scaled.jpg","datePublished":"2024-10-25T15:27:17+00:00","dateModified":"2024-10-25T15:29:47+00:00","breadcrumb":{"@id":"https:\/\/www.libinst.ch\/fr\/publications\/indice-droits-propriete-2024\/#breadcrumb"},"inLanguage":"fr-FR","potentialAction":[{"@type":"ReadAction","target":["https:\/\/www.libinst.ch\/fr\/publications\/indice-droits-propriete-2024\/"]}]},{"@type":"ImageObject","inLanguage":"fr-FR","@id":"https:\/\/www.libinst.ch\/fr\/publications\/indice-droits-propriete-2024\/#primaryimage","url":"https:\/\/www.libinst.ch\/wp-content\/uploads\/2024\/09\/rentner-schockiert-pc-scaled.jpg","contentUrl":"https:\/\/www.libinst.ch\/wp-content\/uploads\/2024\/09\/rentner-schockiert-pc-scaled.jpg","width":2560,"height":1708},{"@type":"BreadcrumbList","@id":"https:\/\/www.libinst.ch\/fr\/publications\/indice-droits-propriete-2024\/#breadcrumb","itemListElement":[{"@type":"ListItem","position":1,"name":"Home","item":"https:\/\/www.libinst.ch\/"},{"@type":"ListItem","position":2,"name":"Indice international des droits de propri\u00e9t\u00e9 2024"}]},{"@type":"WebSite","@id":"\/#website","url":"\/","name":"Institut Lib\u00e9ral","description":"","publisher":{"@id":"\/#organization"},"potentialAction":[{"@type":"SearchAction","target":{"@type":"EntryPoint","urlTemplate":"\/?s={search_term_string}"},"query-input":{"@type":"PropertyValueSpecification","valueRequired":true,"valueName":"search_term_string"}}],"inLanguage":"fr-FR"},{"@type":"Organization","@id":"\/#organization","name":"Institut Lib\u00e9ral","url":"\/","logo":{"@type":"ImageObject","inLanguage":"fr-FR","@id":"\/#\/schema\/logo\/image\/","url":"https:\/\/www.libinst.ch\/wp-content\/uploads\/2023\/08\/logo-institut-liberal.png","contentUrl":"https:\/\/www.libinst.ch\/wp-content\/uploads\/2023\/08\/logo-institut-liberal.png","width":2935,"height":458,"caption":"Institut Lib\u00e9ral"},"image":{"@id":"\/#\/schema\/logo\/image\/"}}]}},"_links":{"self":[{"href":"https:\/\/www.libinst.ch\/fr\/wp-json\/wp\/v2\/denkanstoesse\/26753","targetHints":{"allow":["GET"]}}],"collection":[{"href":"https:\/\/www.libinst.ch\/fr\/wp-json\/wp\/v2\/denkanstoesse"}],"about":[{"href":"https:\/\/www.libinst.ch\/fr\/wp-json\/wp\/v2\/types\/denkanstoesse"}],"wp:featuredmedia":[{"embeddable":true,"href":"https:\/\/www.libinst.ch\/fr\/wp-json\/wp\/v2\/media\/26403"}],"wp:attachment":[{"href":"https:\/\/www.libinst.ch\/fr\/wp-json\/wp\/v2\/media?parent=26753"}],"wp:term":[{"taxonomy":"tags","embeddable":true,"href":"https:\/\/www.libinst.ch\/fr\/wp-json\/wp\/v2\/tag?post=26753"}],"curies":[{"name":"wp","href":"https:\/\/api.w.org\/{rel}","templated":true}]}}