{"id":12264,"date":"2020-10-05T00:00:00","date_gmt":"2020-10-04T22:00:00","guid":{"rendered":"https:\/\/libinst.detail-digital.ch\/denkanstoesse\/tornare-alle-norme-tornare-alla-normalita\/"},"modified":"2020-10-05T00:00:00","modified_gmt":"2020-10-04T22:00:00","slug":"tornare-alle-norme-tornare-alla-normalita","status":"publish","type":"denkanstoesse","link":"https:\/\/www.libinst.ch\/it\/spunti-di-riflessione\/tornare-alle-norme-tornare-alla-normalita\/","title":{"rendered":"Tornare alle norme, tornare alla normalit\u00e0"},"content":{"rendered":"<p class=\"first\"><span class=\"first-letter\">L&#8217;<\/span>avvento della pandemia ha portato con s\u00e9 una serie di conseguenze: non solo e in primo luogo di carattere sanitario. Quella a cui continuiamo ad assistere, in effetti, \u00e8 una politica dell&#8217;emergenza che non soltanto implica un&#8217;espansione dei poteri pubblici, ma che al tempo stesso rischia di dissolvere l&#8217;orizzonte giuridico.<\/p>\n<p>Come sottoline\u00f2 in varie circostanze Carl Schmitt, importante teorico del diritto e anche intellettuale di punta della Germania hitleriana, lo \u201cstato di eccezione\u201d favorisce il declino delle regole (e quindi del diritto) e il trionfo della decisione arbitraria (e quindi della politica). Da studioso dell&#8217;istituto romanistico della \u201cdittatura\u201d, Schmitt ebbe a rilevare come sono proprio le fasi storiche in cui la societ\u00e0 \u00e8 investita da una minaccia esistenziale che vedono il trionfo del politico sul giuridico, della volont\u00e0 sulla regola.<\/p>\n<p>All&#8217;interno dell&#8217;Europa continentale, dove l&#8217;ordinamento \u00e8 basato sulla legislazione, tutto questo appartiene purtroppo all&#8217;ordinario, dato che alla fine ogni questione rischia in effetti di essere vista in termini emergenziali: cos\u00ec che si finisce per rispondere a ogni problema con soluzioni imposte dall&#8217;alto. Eppure perfino entro queste societ\u00e0 il diritto esige sempre tempi di maturazione e consolidamento, tali da garantire una qualche prevedibilit\u00e0 dei comportamenti. Non \u00e8 un caso che Eugen Huber abbia introdotto, nell&#8217;articolo 1 del codice civile svizzero, quel fondamentale riferimento alla consuetudine quale fonte del diritto. Se le regole fossero solo la semplice volont\u00e0 del governante di turno, come sarebbe possibile avviare un&#8217;attivit\u00e0 e predisporre piani di vita? Il rischio \u00e8 che si costruisca un progetto che finisce presto per essere dissolto da una nuova regola emersa dal nulla.<\/p>\n<p>Questo per dire che la nostra vita civile ha bisogno di uscire al pi\u00f9 presto da tale universo ultra-politicizzato connesso al virus, basato su una cascata di atti governativi che spostano risorse, modificano il sistema degli incentivi, alterano i prezzi, mutano l&#8217;ordine giuridico. Se vogliamo tornare alla normalit\u00e0, in primo luogo dobbiamo restaurare la stabilit\u00e0 delle regole, lasciandoci alle spalle questa \u201crivoluzione permanente\u201d indotta dal diffondersi del Covid-19 e dalle risposte date per fargli fronte.<\/p>\n<p>A tale proposito uno storico del diritto come Paolo Grossi insiste sempre sulla distinzione tra \u201cosservanza\u201d e \u201cubbidienza\u201d. Le norme calate dall&#8217;alto sono un qualcosa di estraneo e artificioso: sono l&#8217;arbitrio del Principe di turno e ci fanno avvertire il diritto come alieno, quando non addirittura ostile e pericoloso. Un diritto a cui ubbidiamo, ma che non riconosciamo davvero come nostro. L&#8217;evasione normativa che segna tante societ\u00e0 \u00e8 in larga misura da addebitare esattamente a questo snaturamento del diritto.<\/p>\n<p>In effetti, in un ordinamento giuridico in salute le regole sono in primo luogo il prodotto di un processo di evoluzione sociale che ha bisogno di tempo per consolidare quelle norme e renderle legittime. \u00c8 questo il diritto che osserviamo, poich\u00e9 ne riconosciamo la legittimit\u00e0. Tanto per capirci, noi non <em>ubbidiamo<\/em> semplicemente alla regola che ci impone di non uccidere il prossimo e non derubarlo, ma <em>osserviamo<\/em> quei fondamentali criteri di comportamento perch\u00e9 sono emersi nel tempo e anche perch\u00e9 poggiano, senza dubbio, su qualche principio atemporale.<\/p>\n<p>Un diritto ridotto a semplici decisioni sovrane \u00e8 allora un diritto che atterrisce e spaventa, ma che non avvertiamo come legittimo, mentre l&#8217;ordinamento giuridico dovrebbe essere inseparabile dallo sviluppo di una cultura relazionale che si sviluppa nel tempo: come avvenne a Roma con lo <em>jus civile<\/em> elaborato dai giureconsulti o nei paesi anglosassoni con il <em>common law<\/em> prodotto dalle corti.<\/p>\n<p>Per tornare alla normalit\u00e0 dobbiamo riscoprire, allora, la vera natura delle norme e quindi uscire da quella cultura dell&#8217;emergenza che in ogni momento rischia di sconfinare in decisioni se non autoritarie, almeno arbitrarie.<\/p>\n<p>Abbiamo dunque bisogno di poche e solide regole, poste a tutela dei nostri rapporti sociali, e non pi\u00f9 di questa cascata di provvedimenti: spesso poco meditati, dettati dalla demagogia, orientati a soddisfare un&#8217;opinione pubblica allo sbando. La stabilit\u00e0 normativa \u00e8 molto pi\u00f9 cruciale di quanto non si creda: essa \u00e8 la condizione necessaria allo sviluppo di attivit\u00e0 responsabili e investimenti (in tempo, risorse, creativit\u00e0). Da qui viene la necessit\u00e0 di opporsi a quanti, anche sulla base di interessi ben precisi, vorrebbero continuare a mantenerci in una condizione emergenziale che sta rischiando di dissolvere, giorno dopo giorno, il senso stesso delle nostre istituzioni.<\/p>\n<p class=\"left\"><em>Carlo Lottieri \u00e8 il presidente della sezione italofona dell&#8217;Istituto Liberale.<\/em><\/p>\n","protected":false},"featured_media":8697,"template":"","tag":[144,159,608,150,157,140],"class_list":["post-12264","denkanstoesse","type-denkanstoesse","status-publish","has-post-thumbnail","hentry","tags-sanita","tags-autonomia-privata","tags-covid-19","tags-cultura","tags-regolamentazione","tags-sicurezza"],"acf":[],"yoast_head":"<!-- This site is optimized with the Yoast SEO plugin v27.3 - https:\/\/yoast.com\/product\/yoast-seo-wordpress\/ -->\n<title>Tornare alle norme, tornare alla normalit\u00e0 - Istituto Liberale<\/title>\n<meta name=\"robots\" content=\"index, follow, max-snippet:-1, max-image-preview:large, max-video-preview:-1\" \/>\n<link rel=\"canonical\" href=\"https:\/\/www.libinst.ch\/it\/spunti-di-riflessione\/tornare-alle-norme-tornare-alla-normalita\/\" \/>\n<meta property=\"og:locale\" content=\"it_IT\" \/>\n<meta property=\"og:type\" content=\"article\" \/>\n<meta property=\"og:title\" content=\"Tornare alle norme, tornare alla normalit\u00e0 - Istituto Liberale\" \/>\n<meta property=\"og:description\" content=\"L&#8217;avvento della pandemia ha portato con s\u00e9 una serie di conseguenze: non solo e in primo luogo di carattere sanitario. Quella a cui continuiamo ad assistere, in effetti, \u00e8 una politica dell&#8217;emergenza che non soltanto implica un&#8217;espansione dei poteri pubblici, ma che al tempo stesso rischia di dissolvere l&#8217;orizzonte giuridico. Come sottoline\u00f2 in varie circostanze [&hellip;]\" \/>\n<meta property=\"og:url\" content=\"https:\/\/www.libinst.ch\/it\/spunti-di-riflessione\/tornare-alle-norme-tornare-alla-normalita\/\" \/>\n<meta property=\"og:site_name\" content=\"Istituto Liberale\" \/>\n<meta property=\"og:image\" content=\"https:\/\/www.libinst.ch\/wp-content\/uploads\/2023\/05\/covid-distanza-normalita.jpg\" \/>\n\t<meta property=\"og:image:width\" content=\"1920\" \/>\n\t<meta property=\"og:image:height\" content=\"1281\" \/>\n\t<meta property=\"og:image:type\" content=\"image\/jpeg\" \/>\n<meta name=\"twitter:card\" content=\"summary_large_image\" \/>\n<meta name=\"twitter:label1\" content=\"Tempo di lettura stimato\" \/>\n\t<meta name=\"twitter:data1\" content=\"4 minuti\" \/>\n<script type=\"application\/ld+json\" class=\"yoast-schema-graph\">{\"@context\":\"https:\\\/\\\/schema.org\",\"@graph\":[{\"@type\":\"WebPage\",\"@id\":\"https:\\\/\\\/www.libinst.ch\\\/it\\\/spunti-di-riflessione\\\/tornare-alle-norme-tornare-alla-normalita\\\/\",\"url\":\"https:\\\/\\\/www.libinst.ch\\\/it\\\/spunti-di-riflessione\\\/tornare-alle-norme-tornare-alla-normalita\\\/\",\"name\":\"Tornare alle norme, tornare alla normalit\u00e0 - Istituto Liberale\",\"isPartOf\":{\"@id\":\"\\\/#website\"},\"primaryImageOfPage\":{\"@id\":\"https:\\\/\\\/www.libinst.ch\\\/it\\\/spunti-di-riflessione\\\/tornare-alle-norme-tornare-alla-normalita\\\/#primaryimage\"},\"image\":{\"@id\":\"https:\\\/\\\/www.libinst.ch\\\/it\\\/spunti-di-riflessione\\\/tornare-alle-norme-tornare-alla-normalita\\\/#primaryimage\"},\"thumbnailUrl\":\"https:\\\/\\\/www.libinst.ch\\\/wp-content\\\/uploads\\\/2023\\\/05\\\/covid-distanza-normalita.jpg\",\"datePublished\":\"2020-10-04T22:00:00+00:00\",\"breadcrumb\":{\"@id\":\"https:\\\/\\\/www.libinst.ch\\\/it\\\/spunti-di-riflessione\\\/tornare-alle-norme-tornare-alla-normalita\\\/#breadcrumb\"},\"inLanguage\":\"it-IT\",\"potentialAction\":[{\"@type\":\"ReadAction\",\"target\":[\"https:\\\/\\\/www.libinst.ch\\\/it\\\/spunti-di-riflessione\\\/tornare-alle-norme-tornare-alla-normalita\\\/\"]}]},{\"@type\":\"ImageObject\",\"inLanguage\":\"it-IT\",\"@id\":\"https:\\\/\\\/www.libinst.ch\\\/it\\\/spunti-di-riflessione\\\/tornare-alle-norme-tornare-alla-normalita\\\/#primaryimage\",\"url\":\"https:\\\/\\\/www.libinst.ch\\\/wp-content\\\/uploads\\\/2023\\\/05\\\/covid-distanza-normalita.jpg\",\"contentUrl\":\"https:\\\/\\\/www.libinst.ch\\\/wp-content\\\/uploads\\\/2023\\\/05\\\/covid-distanza-normalita.jpg\",\"width\":1920,\"height\":1281,\"caption\":\"Woman and man in social distancing sitting on bench in park\"},{\"@type\":\"BreadcrumbList\",\"@id\":\"https:\\\/\\\/www.libinst.ch\\\/it\\\/spunti-di-riflessione\\\/tornare-alle-norme-tornare-alla-normalita\\\/#breadcrumb\",\"itemListElement\":[{\"@type\":\"ListItem\",\"position\":1,\"name\":\"Home\",\"item\":\"https:\\\/\\\/www.libinst.ch\\\/\"},{\"@type\":\"ListItem\",\"position\":2,\"name\":\"Tornare alle norme, tornare alla normalit\u00e0\"}]},{\"@type\":\"WebSite\",\"@id\":\"\\\/#website\",\"url\":\"\\\/\",\"name\":\"Istituto Liberale\",\"description\":\"\",\"publisher\":{\"@id\":\"\\\/#organization\"},\"potentialAction\":[{\"@type\":\"SearchAction\",\"target\":{\"@type\":\"EntryPoint\",\"urlTemplate\":\"\\\/?s={search_term_string}\"},\"query-input\":{\"@type\":\"PropertyValueSpecification\",\"valueRequired\":true,\"valueName\":\"search_term_string\"}}],\"inLanguage\":\"it-IT\"},{\"@type\":\"Organization\",\"@id\":\"\\\/#organization\",\"name\":\"Istituto Liberale\",\"url\":\"\\\/\",\"logo\":{\"@type\":\"ImageObject\",\"inLanguage\":\"it-IT\",\"@id\":\"\\\/#\\\/schema\\\/logo\\\/image\\\/\",\"url\":\"https:\\\/\\\/www.libinst.ch\\\/wp-content\\\/uploads\\\/2023\\\/08\\\/logo-instituto-liberale.png\",\"contentUrl\":\"https:\\\/\\\/www.libinst.ch\\\/wp-content\\\/uploads\\\/2023\\\/08\\\/logo-instituto-liberale.png\",\"width\":2935,\"height\":458,\"caption\":\"Istituto Liberale\"},\"image\":{\"@id\":\"\\\/#\\\/schema\\\/logo\\\/image\\\/\"}}]}<\/script>\n<!-- \/ Yoast SEO plugin. -->","yoast_head_json":{"title":"Tornare alle norme, tornare alla normalit\u00e0 - Istituto Liberale","robots":{"index":"index","follow":"follow","max-snippet":"max-snippet:-1","max-image-preview":"max-image-preview:large","max-video-preview":"max-video-preview:-1"},"canonical":"https:\/\/www.libinst.ch\/it\/spunti-di-riflessione\/tornare-alle-norme-tornare-alla-normalita\/","og_locale":"it_IT","og_type":"article","og_title":"Tornare alle norme, tornare alla normalit\u00e0 - Istituto Liberale","og_description":"L&#8217;avvento della pandemia ha portato con s\u00e9 una serie di conseguenze: non solo e in primo luogo di carattere sanitario. Quella a cui continuiamo ad assistere, in effetti, \u00e8 una politica dell&#8217;emergenza che non soltanto implica un&#8217;espansione dei poteri pubblici, ma che al tempo stesso rischia di dissolvere l&#8217;orizzonte giuridico. Come sottoline\u00f2 in varie circostanze [&hellip;]","og_url":"https:\/\/www.libinst.ch\/it\/spunti-di-riflessione\/tornare-alle-norme-tornare-alla-normalita\/","og_site_name":"Istituto Liberale","og_image":[{"width":1920,"height":1281,"url":"https:\/\/www.libinst.ch\/wp-content\/uploads\/2023\/05\/covid-distanza-normalita.jpg","type":"image\/jpeg"}],"twitter_card":"summary_large_image","twitter_misc":{"Tempo di lettura stimato":"4 minuti"},"schema":{"@context":"https:\/\/schema.org","@graph":[{"@type":"WebPage","@id":"https:\/\/www.libinst.ch\/it\/spunti-di-riflessione\/tornare-alle-norme-tornare-alla-normalita\/","url":"https:\/\/www.libinst.ch\/it\/spunti-di-riflessione\/tornare-alle-norme-tornare-alla-normalita\/","name":"Tornare alle norme, tornare alla normalit\u00e0 - Istituto Liberale","isPartOf":{"@id":"\/#website"},"primaryImageOfPage":{"@id":"https:\/\/www.libinst.ch\/it\/spunti-di-riflessione\/tornare-alle-norme-tornare-alla-normalita\/#primaryimage"},"image":{"@id":"https:\/\/www.libinst.ch\/it\/spunti-di-riflessione\/tornare-alle-norme-tornare-alla-normalita\/#primaryimage"},"thumbnailUrl":"https:\/\/www.libinst.ch\/wp-content\/uploads\/2023\/05\/covid-distanza-normalita.jpg","datePublished":"2020-10-04T22:00:00+00:00","breadcrumb":{"@id":"https:\/\/www.libinst.ch\/it\/spunti-di-riflessione\/tornare-alle-norme-tornare-alla-normalita\/#breadcrumb"},"inLanguage":"it-IT","potentialAction":[{"@type":"ReadAction","target":["https:\/\/www.libinst.ch\/it\/spunti-di-riflessione\/tornare-alle-norme-tornare-alla-normalita\/"]}]},{"@type":"ImageObject","inLanguage":"it-IT","@id":"https:\/\/www.libinst.ch\/it\/spunti-di-riflessione\/tornare-alle-norme-tornare-alla-normalita\/#primaryimage","url":"https:\/\/www.libinst.ch\/wp-content\/uploads\/2023\/05\/covid-distanza-normalita.jpg","contentUrl":"https:\/\/www.libinst.ch\/wp-content\/uploads\/2023\/05\/covid-distanza-normalita.jpg","width":1920,"height":1281,"caption":"Woman and man in social distancing sitting on bench in park"},{"@type":"BreadcrumbList","@id":"https:\/\/www.libinst.ch\/it\/spunti-di-riflessione\/tornare-alle-norme-tornare-alla-normalita\/#breadcrumb","itemListElement":[{"@type":"ListItem","position":1,"name":"Home","item":"https:\/\/www.libinst.ch\/"},{"@type":"ListItem","position":2,"name":"Tornare alle norme, tornare alla normalit\u00e0"}]},{"@type":"WebSite","@id":"\/#website","url":"\/","name":"Istituto Liberale","description":"","publisher":{"@id":"\/#organization"},"potentialAction":[{"@type":"SearchAction","target":{"@type":"EntryPoint","urlTemplate":"\/?s={search_term_string}"},"query-input":{"@type":"PropertyValueSpecification","valueRequired":true,"valueName":"search_term_string"}}],"inLanguage":"it-IT"},{"@type":"Organization","@id":"\/#organization","name":"Istituto Liberale","url":"\/","logo":{"@type":"ImageObject","inLanguage":"it-IT","@id":"\/#\/schema\/logo\/image\/","url":"https:\/\/www.libinst.ch\/wp-content\/uploads\/2023\/08\/logo-instituto-liberale.png","contentUrl":"https:\/\/www.libinst.ch\/wp-content\/uploads\/2023\/08\/logo-instituto-liberale.png","width":2935,"height":458,"caption":"Istituto Liberale"},"image":{"@id":"\/#\/schema\/logo\/image\/"}}]}},"_links":{"self":[{"href":"https:\/\/www.libinst.ch\/it\/wp-json\/wp\/v2\/denkanstoesse\/12264","targetHints":{"allow":["GET"]}}],"collection":[{"href":"https:\/\/www.libinst.ch\/it\/wp-json\/wp\/v2\/denkanstoesse"}],"about":[{"href":"https:\/\/www.libinst.ch\/it\/wp-json\/wp\/v2\/types\/denkanstoesse"}],"wp:featuredmedia":[{"embeddable":true,"href":"https:\/\/www.libinst.ch\/it\/wp-json\/wp\/v2\/media\/8697"}],"wp:attachment":[{"href":"https:\/\/www.libinst.ch\/it\/wp-json\/wp\/v2\/media?parent=12264"}],"wp:term":[{"taxonomy":"tags","embeddable":true,"href":"https:\/\/www.libinst.ch\/it\/wp-json\/wp\/v2\/tag?post=12264"}],"curies":[{"name":"wp","href":"https:\/\/api.w.org\/{rel}","templated":true}]}}