{"id":23579,"date":"2024-04-30T18:50:24","date_gmt":"2024-04-30T16:50:24","guid":{"rendered":"https:\/\/www.libinst.ch\/?post_type=denkanstoesse&#038;p=23579"},"modified":"2024-02-23T19:05:45","modified_gmt":"2024-02-23T18:05:45","slug":"paradossi-e-contraddizioni-del-progressismo","status":"publish","type":"denkanstoesse","link":"https:\/\/www.libinst.ch\/it\/spunti-di-riflessione\/paradossi-e-contraddizioni-del-progressismo\/","title":{"rendered":"Paradossi e contraddizioni del progressismo"},"content":{"rendered":"<p>Che esista un\u2019egemonia culturale del progressismo, in tutto l\u2019Occidente, \u00e8 un fatto accertato. Il progetto gramsciano volto a conquistare i luoghi della produzione e diffusione delle idee \u2013 a partire dalle universit\u00e0 \u2013 ha avuto un indubbio successo e di conseguenza qualunque frazione della classe dirigente (nelle imprese, nelle chiese, nelle formazioni politiche) deve fare i conti con alcune parole d\u2019ordine. \u00c8 ugualmente evidente, per\u00f2, che il contenuto di questo pensiero \u201cobbligatorio\u201d non \u00e8 pi\u00f9 marxista in senso ortodosso: non predica necessariamente la lotta di classe e neppure l\u2019ineluttabilit\u00e0 del trionfo del proletariato, prendendo anzi spesso le distanze da ogni socialismo realizzato. Il progressismo contemporaneo si vuole democratico e, a suo dire, perfino liberale. Si tratta per\u00f2 di un insieme assai composito di argomenti e idee che finiscono per definire una costellazione di dogmi secolari tutt\u2019altro che coerente. In effetti, in varie occasioni \u00e8 impossibile accettare contemporaneamente ognuna delle tesi che, almeno in teoria, si dovrebbe sposare per non apparire incivile di fronte a quanti orientano il dibattito pubblico.<\/p>\n<p>Qualche tempo fa tutto ci\u00f2 \u00e8 stato bene esemplificato da una vignetta americana divisa in 4 parti. Nella prima immagine un giovane sosteneva che gli omosessuali andavano severamente puniti, mentre nella seconda una ragazza lo rimproverava di essere un terribile reazionario e un elettore di Trump. Nella terza immagine il giovane replicava dicendo di essere di fede islamica e di avere semplicemente riferito i valori della propria famiglia, mentre nella quarta scenetta la ragazza si scusava con lui, sottolineando che non intendeva in alcun modo mancare di rispetto verso la sua identit\u00e0 religiosa e tradizionale.<\/p>\n<p>Usando l\u2019arma dell\u2019ironia l\u2019autore ha saputo evidenziare come non sia possibile, al tempo stesso, la difesa di ogni cultura \u201caltra\u201d rispetto a quella occidentale e la piena protezione di qualsivoglia preferenza sessuale. Eppure entrambi sono principi cardine del progressismo in voga. Questo era gi\u00e0 chiaro, ad esempio, a Pym Fortuyn, un sociologo e uomo politico olandese che proprio perch\u00e9 voleva salvaguardare una serie di libert\u00e0 caratteristiche delle nostre societ\u00e0 (a partire dai diritti degli omosessuali) decise di rigettare ogni buonismo in tema di immigrazione e integrazione. Questo dovrebbe farci comprendere come il progressismo sbagli nell\u2019assolutizzare in modo arbitrario questo o quel tema, dato che non si possono tutelare esigenze contrastanti. Per questo, lo schema abituale di chi ogni giorno c\u2019impone un ben preciso comportamento consiste nell\u2019adottare arbitrariamente un principio a scapito di uno differente. Il fatto stesso che si passi da un\u2019emergenza all\u2019altra (dal terrorismo alla crisi finanziaria, dalla pandemia alla guerra, al riscaldamento globale) mostra come vi sia chi pu\u00f2, in ogni momento, modificare l\u2019agenda e riscriverla a proprio piacere.<\/p>\n<p>In un certo senso, il progressismo contemporaneo \u2013 non di rado promosso da piccoli gruppi aggressivi \u2013 \u00e8 allora qualcosa dal contenuto instabile e arbitrario. Le parole d\u2019ordine del conformismo alla moda possono esaltare la pace oppure l\u2019impegno bellico, proporre una vita frugale orientata alla decrescita oppure il consumo quale motore dello sviluppo (in senso keynesiano), moltiplicare le pale eoliche per ragioni ambientali oppure distruggerle per tutelare il paesaggio. Questo poter muoversi in una direzione o in quella opposta lo s\u2019\u00e8 visto anche nei dibattiti in cui s\u2019\u00e8 a lungo teorizzata una maniera femminile d\u2019essere e di pensare (contro maschilismo e \u201cpatriarcato\u201d), dopo aver per\u00f2 negato in varie circostanze che maschile e femminile esistano davvero.<\/p>\n<p>Ambiente, guerra, salute, terzomondismo e cambiamento climatico sono quindi semplici occasioni per ribadire un\u2019egemonia che viene affermata non gi\u00e0 a partire da elementi sostanziali, ma semplicemente in virt\u00f9 del fatto che oggi c\u2019\u00e8 chi sa manovrare le parole e piegarle alle proprie esigenze. Come questo sia possibile e come si sia arrivati a tutto ci\u00f2, a ogni modo, resta in larga misura un mistero.<\/p>\n<p>(Articolo pubblicato per\u00a0<em>Il Mattino della Domenica<\/em>, numero del 10 dicembre 2023)<br \/>\n<em>Carlo Lottieri \u00e8 il presidente della sezione italofona dell&#8217;Istituto Liberale<\/em><\/p>\n","protected":false},"featured_media":23580,"template":"","tag":[150,615,1366,145,614],"class_list":["post-23579","denkanstoesse","type-denkanstoesse","status-publish","has-post-thumbnail","hentry","tags-cultura","tags-etica","tags-giustizia-sociale","tags-istruzione","tags-omologazione"],"acf":[],"yoast_head":"<!-- This site is optimized with the Yoast SEO plugin v27.3 - https:\/\/yoast.com\/product\/yoast-seo-wordpress\/ -->\n<title>Paradossi e contraddizioni del progressismo - Istituto Liberale<\/title>\n<meta name=\"robots\" content=\"index, follow, max-snippet:-1, max-image-preview:large, max-video-preview:-1\" \/>\n<link rel=\"canonical\" href=\"https:\/\/www.libinst.ch\/it\/spunti-di-riflessione\/paradossi-e-contraddizioni-del-progressismo\/\" \/>\n<meta property=\"og:locale\" content=\"it_IT\" \/>\n<meta property=\"og:type\" content=\"article\" \/>\n<meta property=\"og:title\" content=\"Paradossi e contraddizioni del progressismo - Istituto Liberale\" \/>\n<meta property=\"og:description\" content=\"Che esista un\u2019egemonia culturale del progressismo, in tutto l\u2019Occidente, \u00e8 un fatto accertato. Il progetto gramsciano volto a conquistare i luoghi della produzione e diffusione delle idee \u2013 a partire dalle universit\u00e0 \u2013 ha avuto un indubbio successo e di conseguenza qualunque frazione della classe dirigente (nelle imprese, nelle chiese, nelle formazioni politiche) deve fare [&hellip;]\" \/>\n<meta property=\"og:url\" content=\"https:\/\/www.libinst.ch\/it\/spunti-di-riflessione\/paradossi-e-contraddizioni-del-progressismo\/\" \/>\n<meta property=\"og:site_name\" content=\"Istituto Liberale\" \/>\n<meta property=\"og:image\" content=\"https:\/\/www.libinst.ch\/wp-content\/uploads\/2024\/02\/progressismo-attivista-scaled.jpg\" \/>\n\t<meta property=\"og:image:width\" content=\"1707\" \/>\n\t<meta property=\"og:image:height\" content=\"2560\" \/>\n\t<meta property=\"og:image:type\" content=\"image\/jpeg\" \/>\n<meta name=\"twitter:card\" content=\"summary_large_image\" \/>\n<meta name=\"twitter:label1\" content=\"Tempo di lettura stimato\" \/>\n\t<meta name=\"twitter:data1\" content=\"4 minuti\" \/>\n<script type=\"application\/ld+json\" class=\"yoast-schema-graph\">{\"@context\":\"https:\\\/\\\/schema.org\",\"@graph\":[{\"@type\":\"WebPage\",\"@id\":\"https:\\\/\\\/www.libinst.ch\\\/it\\\/spunti-di-riflessione\\\/paradossi-e-contraddizioni-del-progressismo\\\/\",\"url\":\"https:\\\/\\\/www.libinst.ch\\\/it\\\/spunti-di-riflessione\\\/paradossi-e-contraddizioni-del-progressismo\\\/\",\"name\":\"Paradossi e contraddizioni del progressismo - Istituto Liberale\",\"isPartOf\":{\"@id\":\"\\\/#website\"},\"primaryImageOfPage\":{\"@id\":\"https:\\\/\\\/www.libinst.ch\\\/it\\\/spunti-di-riflessione\\\/paradossi-e-contraddizioni-del-progressismo\\\/#primaryimage\"},\"image\":{\"@id\":\"https:\\\/\\\/www.libinst.ch\\\/it\\\/spunti-di-riflessione\\\/paradossi-e-contraddizioni-del-progressismo\\\/#primaryimage\"},\"thumbnailUrl\":\"https:\\\/\\\/www.libinst.ch\\\/wp-content\\\/uploads\\\/2024\\\/02\\\/progressismo-attivista-scaled.jpg\",\"datePublished\":\"2024-04-30T16:50:24+00:00\",\"breadcrumb\":{\"@id\":\"https:\\\/\\\/www.libinst.ch\\\/it\\\/spunti-di-riflessione\\\/paradossi-e-contraddizioni-del-progressismo\\\/#breadcrumb\"},\"inLanguage\":\"it-IT\",\"potentialAction\":[{\"@type\":\"ReadAction\",\"target\":[\"https:\\\/\\\/www.libinst.ch\\\/it\\\/spunti-di-riflessione\\\/paradossi-e-contraddizioni-del-progressismo\\\/\"]}]},{\"@type\":\"ImageObject\",\"inLanguage\":\"it-IT\",\"@id\":\"https:\\\/\\\/www.libinst.ch\\\/it\\\/spunti-di-riflessione\\\/paradossi-e-contraddizioni-del-progressismo\\\/#primaryimage\",\"url\":\"https:\\\/\\\/www.libinst.ch\\\/wp-content\\\/uploads\\\/2024\\\/02\\\/progressismo-attivista-scaled.jpg\",\"contentUrl\":\"https:\\\/\\\/www.libinst.ch\\\/wp-content\\\/uploads\\\/2024\\\/02\\\/progressismo-attivista-scaled.jpg\",\"width\":1707,\"height\":2560},{\"@type\":\"BreadcrumbList\",\"@id\":\"https:\\\/\\\/www.libinst.ch\\\/it\\\/spunti-di-riflessione\\\/paradossi-e-contraddizioni-del-progressismo\\\/#breadcrumb\",\"itemListElement\":[{\"@type\":\"ListItem\",\"position\":1,\"name\":\"Home\",\"item\":\"https:\\\/\\\/www.libinst.ch\\\/\"},{\"@type\":\"ListItem\",\"position\":2,\"name\":\"Paradossi e contraddizioni del progressismo\"}]},{\"@type\":\"WebSite\",\"@id\":\"\\\/#website\",\"url\":\"\\\/\",\"name\":\"Istituto Liberale\",\"description\":\"\",\"publisher\":{\"@id\":\"\\\/#organization\"},\"potentialAction\":[{\"@type\":\"SearchAction\",\"target\":{\"@type\":\"EntryPoint\",\"urlTemplate\":\"\\\/?s={search_term_string}\"},\"query-input\":{\"@type\":\"PropertyValueSpecification\",\"valueRequired\":true,\"valueName\":\"search_term_string\"}}],\"inLanguage\":\"it-IT\"},{\"@type\":\"Organization\",\"@id\":\"\\\/#organization\",\"name\":\"Istituto Liberale\",\"url\":\"\\\/\",\"logo\":{\"@type\":\"ImageObject\",\"inLanguage\":\"it-IT\",\"@id\":\"\\\/#\\\/schema\\\/logo\\\/image\\\/\",\"url\":\"https:\\\/\\\/www.libinst.ch\\\/wp-content\\\/uploads\\\/2023\\\/08\\\/logo-instituto-liberale.png\",\"contentUrl\":\"https:\\\/\\\/www.libinst.ch\\\/wp-content\\\/uploads\\\/2023\\\/08\\\/logo-instituto-liberale.png\",\"width\":2935,\"height\":458,\"caption\":\"Istituto Liberale\"},\"image\":{\"@id\":\"\\\/#\\\/schema\\\/logo\\\/image\\\/\"}}]}<\/script>\n<!-- \/ Yoast SEO plugin. -->","yoast_head_json":{"title":"Paradossi e contraddizioni del progressismo - Istituto Liberale","robots":{"index":"index","follow":"follow","max-snippet":"max-snippet:-1","max-image-preview":"max-image-preview:large","max-video-preview":"max-video-preview:-1"},"canonical":"https:\/\/www.libinst.ch\/it\/spunti-di-riflessione\/paradossi-e-contraddizioni-del-progressismo\/","og_locale":"it_IT","og_type":"article","og_title":"Paradossi e contraddizioni del progressismo - Istituto Liberale","og_description":"Che esista un\u2019egemonia culturale del progressismo, in tutto l\u2019Occidente, \u00e8 un fatto accertato. Il progetto gramsciano volto a conquistare i luoghi della produzione e diffusione delle idee \u2013 a partire dalle universit\u00e0 \u2013 ha avuto un indubbio successo e di conseguenza qualunque frazione della classe dirigente (nelle imprese, nelle chiese, nelle formazioni politiche) deve fare [&hellip;]","og_url":"https:\/\/www.libinst.ch\/it\/spunti-di-riflessione\/paradossi-e-contraddizioni-del-progressismo\/","og_site_name":"Istituto Liberale","og_image":[{"width":1707,"height":2560,"url":"https:\/\/www.libinst.ch\/wp-content\/uploads\/2024\/02\/progressismo-attivista-scaled.jpg","type":"image\/jpeg"}],"twitter_card":"summary_large_image","twitter_misc":{"Tempo di lettura stimato":"4 minuti"},"schema":{"@context":"https:\/\/schema.org","@graph":[{"@type":"WebPage","@id":"https:\/\/www.libinst.ch\/it\/spunti-di-riflessione\/paradossi-e-contraddizioni-del-progressismo\/","url":"https:\/\/www.libinst.ch\/it\/spunti-di-riflessione\/paradossi-e-contraddizioni-del-progressismo\/","name":"Paradossi e contraddizioni del progressismo - Istituto Liberale","isPartOf":{"@id":"\/#website"},"primaryImageOfPage":{"@id":"https:\/\/www.libinst.ch\/it\/spunti-di-riflessione\/paradossi-e-contraddizioni-del-progressismo\/#primaryimage"},"image":{"@id":"https:\/\/www.libinst.ch\/it\/spunti-di-riflessione\/paradossi-e-contraddizioni-del-progressismo\/#primaryimage"},"thumbnailUrl":"https:\/\/www.libinst.ch\/wp-content\/uploads\/2024\/02\/progressismo-attivista-scaled.jpg","datePublished":"2024-04-30T16:50:24+00:00","breadcrumb":{"@id":"https:\/\/www.libinst.ch\/it\/spunti-di-riflessione\/paradossi-e-contraddizioni-del-progressismo\/#breadcrumb"},"inLanguage":"it-IT","potentialAction":[{"@type":"ReadAction","target":["https:\/\/www.libinst.ch\/it\/spunti-di-riflessione\/paradossi-e-contraddizioni-del-progressismo\/"]}]},{"@type":"ImageObject","inLanguage":"it-IT","@id":"https:\/\/www.libinst.ch\/it\/spunti-di-riflessione\/paradossi-e-contraddizioni-del-progressismo\/#primaryimage","url":"https:\/\/www.libinst.ch\/wp-content\/uploads\/2024\/02\/progressismo-attivista-scaled.jpg","contentUrl":"https:\/\/www.libinst.ch\/wp-content\/uploads\/2024\/02\/progressismo-attivista-scaled.jpg","width":1707,"height":2560},{"@type":"BreadcrumbList","@id":"https:\/\/www.libinst.ch\/it\/spunti-di-riflessione\/paradossi-e-contraddizioni-del-progressismo\/#breadcrumb","itemListElement":[{"@type":"ListItem","position":1,"name":"Home","item":"https:\/\/www.libinst.ch\/"},{"@type":"ListItem","position":2,"name":"Paradossi e contraddizioni del progressismo"}]},{"@type":"WebSite","@id":"\/#website","url":"\/","name":"Istituto Liberale","description":"","publisher":{"@id":"\/#organization"},"potentialAction":[{"@type":"SearchAction","target":{"@type":"EntryPoint","urlTemplate":"\/?s={search_term_string}"},"query-input":{"@type":"PropertyValueSpecification","valueRequired":true,"valueName":"search_term_string"}}],"inLanguage":"it-IT"},{"@type":"Organization","@id":"\/#organization","name":"Istituto Liberale","url":"\/","logo":{"@type":"ImageObject","inLanguage":"it-IT","@id":"\/#\/schema\/logo\/image\/","url":"https:\/\/www.libinst.ch\/wp-content\/uploads\/2023\/08\/logo-instituto-liberale.png","contentUrl":"https:\/\/www.libinst.ch\/wp-content\/uploads\/2023\/08\/logo-instituto-liberale.png","width":2935,"height":458,"caption":"Istituto Liberale"},"image":{"@id":"\/#\/schema\/logo\/image\/"}}]}},"_links":{"self":[{"href":"https:\/\/www.libinst.ch\/it\/wp-json\/wp\/v2\/denkanstoesse\/23579","targetHints":{"allow":["GET"]}}],"collection":[{"href":"https:\/\/www.libinst.ch\/it\/wp-json\/wp\/v2\/denkanstoesse"}],"about":[{"href":"https:\/\/www.libinst.ch\/it\/wp-json\/wp\/v2\/types\/denkanstoesse"}],"wp:featuredmedia":[{"embeddable":true,"href":"https:\/\/www.libinst.ch\/it\/wp-json\/wp\/v2\/media\/23580"}],"wp:attachment":[{"href":"https:\/\/www.libinst.ch\/it\/wp-json\/wp\/v2\/media?parent=23579"}],"wp:term":[{"taxonomy":"tags","embeddable":true,"href":"https:\/\/www.libinst.ch\/it\/wp-json\/wp\/v2\/tag?post=23579"}],"curies":[{"name":"wp","href":"https:\/\/api.w.org\/{rel}","templated":true}]}}